{"id":100,"date":"2023-02-19T00:28:28","date_gmt":"2023-02-18T23:28:28","guid":{"rendered":"https:\/\/ie.uek.krakow.pl\/ke\/?page_id=100"},"modified":"2023-04-23T19:27:44","modified_gmt":"2023-04-23T17:27:44","slug":"aktualnosci","status":"publish","type":"page","link":"https:\/\/iirc.uek.krakow.pl\/ki\/aktualnosci\/","title":{"rendered":"Aktualno\u015bci"},"content":{"rendered":"\t\t<div data-elementor-type=\"wp-page\" data-elementor-id=\"100\" class=\"elementor elementor-100\" data-elementor-post-type=\"page\">\n\t\t\t\t\t\t<section data-particle_enable=\"false\" data-particle-mobile-disabled=\"false\" class=\"elementor-section elementor-top-section elementor-element elementor-element-b1422da elementor-section-boxed elementor-section-height-default elementor-section-height-default\" data-id=\"b1422da\" data-element_type=\"section\" data-settings=\"{&quot;jet_parallax_layout_list&quot;:[]}\">\n\t\t\t\t\t\t<div class=\"elementor-container elementor-column-gap-default\">\n\t\t\t\t\t<div class=\"elementor-column elementor-col-100 elementor-top-column elementor-element elementor-element-40ed5763\" data-id=\"40ed5763\" data-element_type=\"column\">\n\t\t\t<div class=\"elementor-widget-wrap elementor-element-populated\">\n\t\t\t\t\t\t<div class=\"elementor-element elementor-element-15bbf765 elementor-grid-tablet_extra-eael-col-4 elementor-grid-eael-col-1 elementor-grid-tablet-eael-col-2 elementor-grid-mobile-eael-col-1 elementor-widget elementor-widget-eael-post-grid\" data-id=\"15bbf765\" data-element_type=\"widget\" data-settings=\"{&quot;eael_post_grid_columns_tablet_extra&quot;:&quot;eael-col-4&quot;,&quot;eael_post_grid_columns&quot;:&quot;eael-col-1&quot;,&quot;eael_post_grid_columns_tablet&quot;:&quot;eael-col-2&quot;,&quot;eael_post_grid_columns_mobile&quot;:&quot;eael-col-1&quot;}\" data-widget_type=\"eael-post-grid.default\">\n\t\t\t\t<div class=\"elementor-widget-container\">\n\t\t\t\t\t<div id=\"eael-post-grid-15bbf765\" class=\"eael-post-grid-container\">\n            <div class=\"eael-post-grid eael-post-appender eael-post-appender-15bbf765 eael-post-grid-style-two\" data-layout-mode=\"grid\"><article class=\"eael-grid-post eael-post-grid-column\" data-id=\"2616\">\n    <div class=\"eael-grid-post-holder\">\n        <div class=\"eael-grid-post-holder-inner\"><div class=\"eael-entry-media\"><div class=\"eael-entry-overlay fade-in\"><i class=\"fas fa-long-arrow-alt-right\" aria-hidden=\"true\"><\/i><a href=\"https:\/\/iirc.uek.krakow.pl\/ki\/blog\/2025\/07\/30\/wizyta-prof-tetiany-vakaliuk\/\"><\/a><\/div><div class=\"eael-entry-thumbnail \">\n                            <img fetchpriority=\"high\" decoding=\"async\" width=\"1024\" height=\"369\" src=\"https:\/\/iirc.uek.krakow.pl\/ki\/wp-content\/uploads\/sites\/5\/2025\/07\/TetianaAtKUEcrop.jpg\" class=\"attachment-full size-full wp-image-2619\" alt=\"\" srcset=\"https:\/\/iirc.uek.krakow.pl\/ki\/wp-content\/uploads\/sites\/5\/2025\/07\/TetianaAtKUEcrop.jpg 1024w, https:\/\/iirc.uek.krakow.pl\/ki\/wp-content\/uploads\/sites\/5\/2025\/07\/TetianaAtKUEcrop-300x108.jpg 300w, https:\/\/iirc.uek.krakow.pl\/ki\/wp-content\/uploads\/sites\/5\/2025\/07\/TetianaAtKUEcrop-768x277.jpg 768w\" sizes=\"(max-width: 1024px) 100vw, 1024px\" \/>\n                            <\/div>\n                    <\/div><div class=\"eael-entry-wrapper\"><header class=\"eael-entry-header\"><h2 class=\"eael-entry-title\"><a class=\"eael-grid-post-link\" href=\"https:\/\/iirc.uek.krakow.pl\/ki\/blog\/2025\/07\/30\/wizyta-prof-tetiany-vakaliuk\/\" title=\"Wizyta prof. Tetiany Vakaliuk\">Wizyta prof. Tetiany Vakaliuk<\/a><\/h2><\/header><div class=\"eael-entry-header-after style-two\"><div class=\"eael-entry-meta\"><span class=\"eael-posted-on eael-meta-posted-on\"><i class=\"far fa-clock\"><\/i><time datetime=\"2025-07-30\">2025-07-30<\/time><\/span><\/div><\/div><div class=\"eael-entry-content\">\n                                <div class=\"eael-grid-post-excerpt\"><p>W dniu 16 lipca 2025 roku prof. Tetiana Vakaliuk z Politechniki \u017bytomierskiej odwiedzi\u0142a Uniwersytet Ekonomiczny w Krakowie. Podczas spotkania z Gra\u017cyn\u0105 Paliwod\u0105-P\u0119kosz, koordynatork\u0105 projektu ENTEEF, oraz dr Svitlan\u0105 Didkivsk\u0105 om\u00f3wiono nadchodz\u0105ce zadania projektu oraz plany publikacyjne.<\/p><a href=\"https:\/\/iirc.uek.krakow.pl\/ki\/blog\/2025\/07\/30\/wizyta-prof-tetiany-vakaliuk\/\" class=\"eael-post-elements-readmore-btn\">Czytaj wi\u0119cej<\/a><\/div>\n                            <\/div><\/div><\/div>\n    <\/div>\n<\/article><article class=\"eael-grid-post eael-post-grid-column\" data-id=\"2557\">\n    <div class=\"eael-grid-post-holder\">\n        <div class=\"eael-grid-post-holder-inner\"><div class=\"eael-entry-media\"><div class=\"eael-entry-overlay fade-in\"><i class=\"fas fa-long-arrow-alt-right\" aria-hidden=\"true\"><\/i><a href=\"https:\/\/iirc.uek.krakow.pl\/ki\/blog\/2025\/04\/15\/informatyka-na-dniach-otwartych-uek\/\"><\/a><\/div><div class=\"eael-entry-thumbnail \">\n                            <img decoding=\"async\" width=\"2560\" height=\"1211\" src=\"https:\/\/iirc.uek.krakow.pl\/ki\/wp-content\/uploads\/sites\/5\/2025\/04\/IMG_20250326_114747-scaled.jpg\" class=\"attachment-full size-full wp-image-2564\" alt=\"\" srcset=\"https:\/\/iirc.uek.krakow.pl\/ki\/wp-content\/uploads\/sites\/5\/2025\/04\/IMG_20250326_114747-scaled.jpg 2560w, https:\/\/iirc.uek.krakow.pl\/ki\/wp-content\/uploads\/sites\/5\/2025\/04\/IMG_20250326_114747-300x142.jpg 300w, https:\/\/iirc.uek.krakow.pl\/ki\/wp-content\/uploads\/sites\/5\/2025\/04\/IMG_20250326_114747-1024x485.jpg 1024w, https:\/\/iirc.uek.krakow.pl\/ki\/wp-content\/uploads\/sites\/5\/2025\/04\/IMG_20250326_114747-768x363.jpg 768w, https:\/\/iirc.uek.krakow.pl\/ki\/wp-content\/uploads\/sites\/5\/2025\/04\/IMG_20250326_114747-1536x727.jpg 1536w, https:\/\/iirc.uek.krakow.pl\/ki\/wp-content\/uploads\/sites\/5\/2025\/04\/IMG_20250326_114747-2048x969.jpg 2048w, https:\/\/iirc.uek.krakow.pl\/ki\/wp-content\/uploads\/sites\/5\/2025\/04\/IMG_20250326_114747-1140x539.jpg 1140w\" sizes=\"(max-width: 2560px) 100vw, 2560px\" \/>\n                            <\/div>\n                    <\/div><div class=\"eael-entry-wrapper\"><header class=\"eael-entry-header\"><h2 class=\"eael-entry-title\"><a class=\"eael-grid-post-link\" href=\"https:\/\/iirc.uek.krakow.pl\/ki\/blog\/2025\/04\/15\/informatyka-na-dniach-otwartych-uek\/\" title=\"Informatyka na Dniach Otwartych UEK\">Informatyka na Dniach Otwartych UEK<\/a><\/h2><\/header><div class=\"eael-entry-header-after style-two\"><div class=\"eael-entry-meta\"><span class=\"eael-posted-on eael-meta-posted-on\"><i class=\"far fa-clock\"><\/i><time datetime=\"2025-04-15\">2025-04-15<\/time><\/span><\/div><\/div><div class=\"eael-entry-content\">\n                                <div class=\"eael-grid-post-excerpt\"><p>Przez dwa dni, 26 i 27 marca, ca\u0142a uczelnia prezentowa\u0142a swoj\u0105 ofert\u0119 dla kandydat\u00f3w na studia w nadchodz\u0105cej rekrutacji. Na stoiskach w hali sportowej UEK zar\u00f3wno wyk\u0142adowcy, jak i sami studenci z wielkim entuzjazmem zach\u0119cali wszystkich odwiedzaj\u0105cych do wyboru wymarzonego kierunku studi\u00f3w. W\u015br\u00f3d nich nie mog\u0142o zabrakn\u0105\u0107 r\u00f3wnie\u017c Informatyki Stosowanej...<\/p><a href=\"https:\/\/iirc.uek.krakow.pl\/ki\/blog\/2025\/04\/15\/informatyka-na-dniach-otwartych-uek\/\" class=\"eael-post-elements-readmore-btn\">Czytaj wi\u0119cej<\/a><\/div>\n                            <\/div><\/div><\/div>\n    <\/div>\n<\/article><article class=\"eael-grid-post eael-post-grid-column\" data-id=\"2532\">\n    <div class=\"eael-grid-post-holder\">\n        <div class=\"eael-grid-post-holder-inner\"><div class=\"eael-entry-media\"><div class=\"eael-entry-overlay fade-in\"><i class=\"fas fa-long-arrow-alt-right\" aria-hidden=\"true\"><\/i><a href=\"https:\/\/iirc.uek.krakow.pl\/ki\/blog\/2024\/12\/11\/spotkanie-rozpoczynajace-projekt-enteef\/\"><\/a><\/div><div class=\"eael-entry-thumbnail \">\n                            <img decoding=\"async\" width=\"2048\" height=\"1365\" src=\"https:\/\/iirc.uek.krakow.pl\/ki\/wp-content\/uploads\/sites\/5\/2024\/12\/ENTEEF-Kick-offmeeting-GroupPhoto-2048x1365-1.jpg\" class=\"attachment-full size-full wp-image-2533\" alt=\"\" srcset=\"https:\/\/iirc.uek.krakow.pl\/ki\/wp-content\/uploads\/sites\/5\/2024\/12\/ENTEEF-Kick-offmeeting-GroupPhoto-2048x1365-1.jpg 2048w, https:\/\/iirc.uek.krakow.pl\/ki\/wp-content\/uploads\/sites\/5\/2024\/12\/ENTEEF-Kick-offmeeting-GroupPhoto-2048x1365-1-300x200.jpg 300w, https:\/\/iirc.uek.krakow.pl\/ki\/wp-content\/uploads\/sites\/5\/2024\/12\/ENTEEF-Kick-offmeeting-GroupPhoto-2048x1365-1-1024x683.jpg 1024w, https:\/\/iirc.uek.krakow.pl\/ki\/wp-content\/uploads\/sites\/5\/2024\/12\/ENTEEF-Kick-offmeeting-GroupPhoto-2048x1365-1-768x512.jpg 768w, https:\/\/iirc.uek.krakow.pl\/ki\/wp-content\/uploads\/sites\/5\/2024\/12\/ENTEEF-Kick-offmeeting-GroupPhoto-2048x1365-1-1536x1024.jpg 1536w, https:\/\/iirc.uek.krakow.pl\/ki\/wp-content\/uploads\/sites\/5\/2024\/12\/ENTEEF-Kick-offmeeting-GroupPhoto-2048x1365-1-1140x760.jpg 1140w\" sizes=\"(max-width: 2048px) 100vw, 2048px\" \/>\n                            <\/div>\n                    <\/div><div class=\"eael-entry-wrapper\"><header class=\"eael-entry-header\"><h2 class=\"eael-entry-title\"><a class=\"eael-grid-post-link\" href=\"https:\/\/iirc.uek.krakow.pl\/ki\/blog\/2024\/12\/11\/spotkanie-rozpoczynajace-projekt-enteef\/\" title=\"Spotkanie rozpoczynaj\u0105ce projekt ENTEEF\">Spotkanie rozpoczynaj\u0105ce projekt ENTEEF<\/a><\/h2><\/header><div class=\"eael-entry-header-after style-two\"><div class=\"eael-entry-meta\"><span class=\"eael-posted-on eael-meta-posted-on\"><i class=\"far fa-clock\"><\/i><time datetime=\"2024-12-11\">2024-12-11<\/time><\/span><\/div><\/div><div class=\"eael-entry-content\">\n                                <div class=\"eael-grid-post-excerpt\"><p>W dniach 18-19.11.2024 odby\u0142o si\u0119 spotkanie rozpoczynaj\u0105ce projekt ENTEEF &#8211; Fostering Entrepreneurship through Freelancing. Celem projektu jest poprawa kompetencji przedsi\u0119biorczych w\u015br\u00f3d student\u00f3w poprzez przygotowanie ich do pracy jako freelancerzy oraz promocja koncepcji uczenia si\u0119 przez ca\u0142e \u017cycie i mikrokwalifikacji. Listopadowe spotkanie projektowe w Krakowie zgromadzi\u0142o 15 przedstawicieli wszystkich uczelni partnerskich...<\/p><a href=\"https:\/\/iirc.uek.krakow.pl\/ki\/blog\/2024\/12\/11\/spotkanie-rozpoczynajace-projekt-enteef\/\" class=\"eael-post-elements-readmore-btn\">Czytaj wi\u0119cej<\/a><\/div>\n                            <\/div><\/div><\/div>\n    <\/div>\n<\/article><article class=\"eael-grid-post eael-post-grid-column\" data-id=\"2318\">\n    <div class=\"eael-grid-post-holder\">\n        <div class=\"eael-grid-post-holder-inner\"><div class=\"eael-entry-media\"><div class=\"eael-entry-overlay fade-in\"><i class=\"fas fa-long-arrow-alt-right\" aria-hidden=\"true\"><\/i><a href=\"https:\/\/iirc.uek.krakow.pl\/ki\/blog\/2024\/11\/04\/zaangazowanie-katedry-informatyki-w-konferencji-isd-2024\/\"><\/a><\/div><div class=\"eael-entry-thumbnail \">\n                            <img loading=\"lazy\" decoding=\"async\" width=\"2560\" height=\"1164\" src=\"https:\/\/iirc.uek.krakow.pl\/ki\/wp-content\/uploads\/sites\/5\/2024\/11\/UG_CONF_2024-684-z-890-scaled.jpg\" class=\"attachment-full size-full wp-image-2322\" alt=\"\" srcset=\"https:\/\/iirc.uek.krakow.pl\/ki\/wp-content\/uploads\/sites\/5\/2024\/11\/UG_CONF_2024-684-z-890-scaled.jpg 2560w, https:\/\/iirc.uek.krakow.pl\/ki\/wp-content\/uploads\/sites\/5\/2024\/11\/UG_CONF_2024-684-z-890-300x136.jpg 300w, https:\/\/iirc.uek.krakow.pl\/ki\/wp-content\/uploads\/sites\/5\/2024\/11\/UG_CONF_2024-684-z-890-1024x466.jpg 1024w, https:\/\/iirc.uek.krakow.pl\/ki\/wp-content\/uploads\/sites\/5\/2024\/11\/UG_CONF_2024-684-z-890-768x349.jpg 768w, https:\/\/iirc.uek.krakow.pl\/ki\/wp-content\/uploads\/sites\/5\/2024\/11\/UG_CONF_2024-684-z-890-1536x698.jpg 1536w, https:\/\/iirc.uek.krakow.pl\/ki\/wp-content\/uploads\/sites\/5\/2024\/11\/UG_CONF_2024-684-z-890-2048x931.jpg 2048w, https:\/\/iirc.uek.krakow.pl\/ki\/wp-content\/uploads\/sites\/5\/2024\/11\/UG_CONF_2024-684-z-890-1140x518.jpg 1140w\" sizes=\"(max-width: 2560px) 100vw, 2560px\" \/>\n                            <\/div>\n                    <\/div><div class=\"eael-entry-wrapper\"><header class=\"eael-entry-header\"><h2 class=\"eael-entry-title\"><a class=\"eael-grid-post-link\" href=\"https:\/\/iirc.uek.krakow.pl\/ki\/blog\/2024\/11\/04\/zaangazowanie-katedry-informatyki-w-konferencji-isd-2024\/\" title=\"Zaanga\u017cowanie Katedry Informatyki w konferencji ISD 2024\">Zaanga\u017cowanie Katedry Informatyki w konferencji ISD 2024<\/a><\/h2><\/header><div class=\"eael-entry-header-after style-two\"><div class=\"eael-entry-meta\"><span class=\"eael-posted-on eael-meta-posted-on\"><i class=\"far fa-clock\"><\/i><time datetime=\"2024-11-04\">2024-11-04<\/time><\/span><\/div><\/div><div class=\"eael-entry-content\">\n                                <div class=\"eael-grid-post-excerpt\"><p>W dniach 26-28 sierpnia 2024 w Sopocie odby\u0142a si\u0119 mi\u0119dzynarodowa konferencja naukowa The 32nd International Conference on Information Systems Development (ISD 2024). Temat wiod\u0105cy konferencji ISD 2024 to \u201cHarnessing Opportunities: Reshaping ISD in the post-COVID-19 and Generative AI Era\u201d. Pracownicy Katedry Informatyki UEK byli zaanga\u017cowani zar\u00f3wno w organizacj\u0119 konferencji, jak...<\/p><a href=\"https:\/\/iirc.uek.krakow.pl\/ki\/blog\/2024\/11\/04\/zaangazowanie-katedry-informatyki-w-konferencji-isd-2024\/\" class=\"eael-post-elements-readmore-btn\">Czytaj wi\u0119cej<\/a><\/div>\n                            <\/div><\/div><\/div>\n    <\/div>\n<\/article><article class=\"eael-grid-post eael-post-grid-column\" data-id=\"2307\">\n    <div class=\"eael-grid-post-holder\">\n        <div class=\"eael-grid-post-holder-inner\"><div class=\"eael-entry-media\"><div class=\"eael-entry-overlay fade-in\"><i class=\"fas fa-long-arrow-alt-right\" aria-hidden=\"true\"><\/i><a href=\"https:\/\/iirc.uek.krakow.pl\/ki\/blog\/2024\/10\/14\/rozpoczecie-projektu-fostering-entrepreneurship-through-freelancing\/\"><\/a><\/div><div class=\"eael-entry-thumbnail \">\n                            <img loading=\"lazy\" decoding=\"async\" width=\"1344\" height=\"896\" src=\"https:\/\/iirc.uek.krakow.pl\/ki\/wp-content\/uploads\/sites\/5\/2024\/10\/678988b7-b5a0-4b8a-a033-1107ae7ec90b.png\" class=\"attachment-full size-full wp-image-2310\" alt=\"\" srcset=\"https:\/\/iirc.uek.krakow.pl\/ki\/wp-content\/uploads\/sites\/5\/2024\/10\/678988b7-b5a0-4b8a-a033-1107ae7ec90b.png 1344w, https:\/\/iirc.uek.krakow.pl\/ki\/wp-content\/uploads\/sites\/5\/2024\/10\/678988b7-b5a0-4b8a-a033-1107ae7ec90b-300x200.png 300w, https:\/\/iirc.uek.krakow.pl\/ki\/wp-content\/uploads\/sites\/5\/2024\/10\/678988b7-b5a0-4b8a-a033-1107ae7ec90b-1024x683.png 1024w, https:\/\/iirc.uek.krakow.pl\/ki\/wp-content\/uploads\/sites\/5\/2024\/10\/678988b7-b5a0-4b8a-a033-1107ae7ec90b-768x512.png 768w, https:\/\/iirc.uek.krakow.pl\/ki\/wp-content\/uploads\/sites\/5\/2024\/10\/678988b7-b5a0-4b8a-a033-1107ae7ec90b-1140x760.png 1140w\" sizes=\"(max-width: 1344px) 100vw, 1344px\" \/>\n                            <\/div>\n                    <\/div><div class=\"eael-entry-wrapper\"><header class=\"eael-entry-header\"><h2 class=\"eael-entry-title\"><a class=\"eael-grid-post-link\" href=\"https:\/\/iirc.uek.krakow.pl\/ki\/blog\/2024\/10\/14\/rozpoczecie-projektu-fostering-entrepreneurship-through-freelancing\/\" title=\"Rozpocz\u0119cie projektu Fostering Entrepreneurship through Freelancing\">Rozpocz\u0119cie projektu Fostering Entrepreneurship through Freelancing<\/a><\/h2><\/header><div class=\"eael-entry-header-after style-two\"><div class=\"eael-entry-meta\"><span class=\"eael-posted-on eael-meta-posted-on\"><i class=\"far fa-clock\"><\/i><time datetime=\"2024-10-14\">2024-10-14<\/time><\/span><\/div><\/div><div class=\"eael-entry-content\">\n                                <div class=\"eael-grid-post-excerpt\"><p>1 listopada 2024 r. Uniwersytet Ekonomiczny w Krakowie zostanie liderem projektu Fostering Entrepreneurship through Freelancing, kt\u00f3rego koordynatorem jest dr hab. Gra\u017cyna Paliwoda-P\u0119kosz, prof. UEK z Katedry Informatyki, a kierownikiem dr hab. Dariusz Dymek, prof. UEK z Katedry System\u00f3w Obliczeniowych. W przygotowaniu wniosku projektowego uczestniczyli r\u00f3wnie\u017c pracownicy Katedry System\u00f3w Obliczeniowych: dr...<\/p><a href=\"https:\/\/iirc.uek.krakow.pl\/ki\/blog\/2024\/10\/14\/rozpoczecie-projektu-fostering-entrepreneurship-through-freelancing\/\" class=\"eael-post-elements-readmore-btn\">Czytaj wi\u0119cej<\/a><\/div>\n                            <\/div><\/div><\/div>\n    <\/div>\n<\/article><article class=\"eael-grid-post eael-post-grid-column\" data-id=\"2296\">\n    <div class=\"eael-grid-post-holder\">\n        <div class=\"eael-grid-post-holder-inner\"><div class=\"eael-entry-media\"><div class=\"eael-entry-overlay fade-in\"><i class=\"fas fa-long-arrow-alt-right\" aria-hidden=\"true\"><\/i><a href=\"https:\/\/iirc.uek.krakow.pl\/ki\/blog\/2024\/01\/08\/spotkanie-podsumowujace-projekt-icam\/\"><\/a><\/div><div class=\"eael-entry-thumbnail \">\n                            <img loading=\"lazy\" decoding=\"async\" width=\"2560\" height=\"1920\" src=\"https:\/\/iirc.uek.krakow.pl\/ki\/wp-content\/uploads\/sites\/5\/2024\/01\/ICAM-ProjectMeeting-20.12.2023-scaled.jpg\" class=\"attachment-full size-full wp-image-2297\" alt=\"\" srcset=\"https:\/\/iirc.uek.krakow.pl\/ki\/wp-content\/uploads\/sites\/5\/2024\/01\/ICAM-ProjectMeeting-20.12.2023-scaled.jpg 2560w, https:\/\/iirc.uek.krakow.pl\/ki\/wp-content\/uploads\/sites\/5\/2024\/01\/ICAM-ProjectMeeting-20.12.2023-300x225.jpg 300w, https:\/\/iirc.uek.krakow.pl\/ki\/wp-content\/uploads\/sites\/5\/2024\/01\/ICAM-ProjectMeeting-20.12.2023-1024x768.jpg 1024w, https:\/\/iirc.uek.krakow.pl\/ki\/wp-content\/uploads\/sites\/5\/2024\/01\/ICAM-ProjectMeeting-20.12.2023-768x576.jpg 768w, https:\/\/iirc.uek.krakow.pl\/ki\/wp-content\/uploads\/sites\/5\/2024\/01\/ICAM-ProjectMeeting-20.12.2023-1536x1152.jpg 1536w, https:\/\/iirc.uek.krakow.pl\/ki\/wp-content\/uploads\/sites\/5\/2024\/01\/ICAM-ProjectMeeting-20.12.2023-2048x1536.jpg 2048w, https:\/\/iirc.uek.krakow.pl\/ki\/wp-content\/uploads\/sites\/5\/2024\/01\/ICAM-ProjectMeeting-20.12.2023-1140x855.jpg 1140w\" sizes=\"(max-width: 2560px) 100vw, 2560px\" \/>\n                            <\/div>\n                    <\/div><div class=\"eael-entry-wrapper\"><header class=\"eael-entry-header\"><h2 class=\"eael-entry-title\"><a class=\"eael-grid-post-link\" href=\"https:\/\/iirc.uek.krakow.pl\/ki\/blog\/2024\/01\/08\/spotkanie-podsumowujace-projekt-icam\/\" title=\"Spotkanie podsumowuj\u0105ce projekt ICAM\">Spotkanie podsumowuj\u0105ce projekt ICAM<\/a><\/h2><\/header><div class=\"eael-entry-header-after style-two\"><div class=\"eael-entry-meta\"><span class=\"eael-posted-on eael-meta-posted-on\"><i class=\"far fa-clock\"><\/i><time datetime=\"2024-01-08\">2024-01-08<\/time><\/span><\/div><\/div><div class=\"eael-entry-content\">\n                                <div class=\"eael-grid-post-excerpt\"><p>W dniach 19-20 grudnia 2023 odby\u0142o si\u0119 spotkanie podsumowuj\u0105ce projekt ICAM. Go\u015bcili\u015bmy przedstawicieli University of South-Eastern Norway. W trakcie spotkania omawiano tak\u017ce plany na przysz\u0142o\u015b\u0107 &#8211; perspektywy ubiegania si\u0119 wsp\u00f3lnie o kolejne projekty.\u00a0 Artyku\u0142y na temat konferencji rozpowszechniaj\u0105cych\u00a0projekt ICAM, kt\u00f3re\u00a0odby\u0142y\u00a0si\u0119 w Oslo (3.03.2023)\u00a0i Krakowie (12.10.2023) zosta\u0142y opublikowane w Kurierze UEK:...<\/p><a href=\"https:\/\/iirc.uek.krakow.pl\/ki\/blog\/2024\/01\/08\/spotkanie-podsumowujace-projekt-icam\/\" class=\"eael-post-elements-readmore-btn\">Czytaj wi\u0119cej<\/a><\/div>\n                            <\/div><\/div><\/div>\n    <\/div>\n<\/article><article class=\"eael-grid-post eael-post-grid-column\" data-id=\"2191\">\n    <div class=\"eael-grid-post-holder\">\n        <div class=\"eael-grid-post-holder-inner\"><div class=\"eael-entry-media\"><div class=\"eael-entry-overlay fade-in\"><i class=\"fas fa-long-arrow-alt-right\" aria-hidden=\"true\"><\/i><a href=\"https:\/\/iirc.uek.krakow.pl\/ki\/blog\/2023\/10\/02\/wizyta-prof-tetiany-vakaliuk-z-politechniki-zytomierskiej\/\"><\/a><\/div><div class=\"eael-entry-thumbnail \">\n                            <img loading=\"lazy\" decoding=\"async\" width=\"2560\" height=\"1300\" src=\"https:\/\/iirc.uek.krakow.pl\/ki\/wp-content\/uploads\/sites\/5\/2023\/10\/IMG_3547-1-scaled.jpg\" class=\"attachment-full size-full wp-image-2197\" alt=\"\" srcset=\"https:\/\/iirc.uek.krakow.pl\/ki\/wp-content\/uploads\/sites\/5\/2023\/10\/IMG_3547-1-scaled.jpg 2560w, https:\/\/iirc.uek.krakow.pl\/ki\/wp-content\/uploads\/sites\/5\/2023\/10\/IMG_3547-1-300x152.jpg 300w, https:\/\/iirc.uek.krakow.pl\/ki\/wp-content\/uploads\/sites\/5\/2023\/10\/IMG_3547-1-1024x520.jpg 1024w, https:\/\/iirc.uek.krakow.pl\/ki\/wp-content\/uploads\/sites\/5\/2023\/10\/IMG_3547-1-768x390.jpg 768w, https:\/\/iirc.uek.krakow.pl\/ki\/wp-content\/uploads\/sites\/5\/2023\/10\/IMG_3547-1-1536x780.jpg 1536w, https:\/\/iirc.uek.krakow.pl\/ki\/wp-content\/uploads\/sites\/5\/2023\/10\/IMG_3547-1-2048x1040.jpg 2048w, https:\/\/iirc.uek.krakow.pl\/ki\/wp-content\/uploads\/sites\/5\/2023\/10\/IMG_3547-1-1140x579.jpg 1140w\" sizes=\"(max-width: 2560px) 100vw, 2560px\" \/>\n                            <\/div>\n                    <\/div><div class=\"eael-entry-wrapper\"><header class=\"eael-entry-header\"><h2 class=\"eael-entry-title\"><a class=\"eael-grid-post-link\" href=\"https:\/\/iirc.uek.krakow.pl\/ki\/blog\/2023\/10\/02\/wizyta-prof-tetiany-vakaliuk-z-politechniki-zytomierskiej\/\" title=\"Wizyta prof. Tetiany Vakaliuk z Politechniki \u017bytomierskiej\">Wizyta prof. Tetiany Vakaliuk z Politechniki \u017bytomierskiej<\/a><\/h2><\/header><div class=\"eael-entry-header-after style-two\"><div class=\"eael-entry-meta\"><span class=\"eael-posted-on eael-meta-posted-on\"><i class=\"far fa-clock\"><\/i><time datetime=\"2023-10-02\">2023-10-02<\/time><\/span><\/div><\/div><div class=\"eael-entry-content\">\n                                <div class=\"eael-grid-post-excerpt\"><p>Na pocz\u0105tku wrze\u015bnia 2023 roku go\u015bci\u0142a w naszej Katedrze Pani Profesor Tetiana Anatoliivna Vakaliuk z Politechniki \u017bytomierskiej na Ukrainie, w ramach podpisanej w bie\u017c\u0105cym roku umowy o wsp\u00f3\u0142pracy pomi\u0119dzy naszymi uczelniami. Od lewej: dr hab. Gra\u017cyna Paliwoda-P\u0119kosz, prof. UEK, Svitlana Didkivska, Doktorantka UEK, prof. Tetiana Anatoliivna Vakaliuk. Fot. W\u0142adys\u0142aw Mostowicz....<\/p><a href=\"https:\/\/iirc.uek.krakow.pl\/ki\/blog\/2023\/10\/02\/wizyta-prof-tetiany-vakaliuk-z-politechniki-zytomierskiej\/\" class=\"eael-post-elements-readmore-btn\">Czytaj wi\u0119cej<\/a><\/div>\n                            <\/div><\/div><\/div>\n    <\/div>\n<\/article><article class=\"eael-grid-post eael-post-grid-column\" data-id=\"2160\">\n    <div class=\"eael-grid-post-holder\">\n        <div class=\"eael-grid-post-holder-inner\"><div class=\"eael-entry-media\"><div class=\"eael-entry-overlay fade-in\"><i class=\"fas fa-long-arrow-alt-right\" aria-hidden=\"true\"><\/i><a href=\"https:\/\/iirc.uek.krakow.pl\/ki\/blog\/2023\/07\/23\/profesor-piotr-soja-w-czolowce-najlepszych-ekonomistow-w-polsce\/\"><\/a><\/div><div class=\"eael-entry-thumbnail \">\n                            <img loading=\"lazy\" decoding=\"async\" width=\"1904\" height=\"640\" src=\"https:\/\/iirc.uek.krakow.pl\/ki\/wp-content\/uploads\/sites\/5\/2023\/07\/pawel9642_Scientific_ranking_index_of_publications_research_pri_7e2ca1a5-2ee7-4353-842e-b8d39826de52.png\" class=\"attachment-full size-full wp-image-2162\" alt=\"\" srcset=\"https:\/\/iirc.uek.krakow.pl\/ki\/wp-content\/uploads\/sites\/5\/2023\/07\/pawel9642_Scientific_ranking_index_of_publications_research_pri_7e2ca1a5-2ee7-4353-842e-b8d39826de52.png 1904w, https:\/\/iirc.uek.krakow.pl\/ki\/wp-content\/uploads\/sites\/5\/2023\/07\/pawel9642_Scientific_ranking_index_of_publications_research_pri_7e2ca1a5-2ee7-4353-842e-b8d39826de52-300x101.png 300w, https:\/\/iirc.uek.krakow.pl\/ki\/wp-content\/uploads\/sites\/5\/2023\/07\/pawel9642_Scientific_ranking_index_of_publications_research_pri_7e2ca1a5-2ee7-4353-842e-b8d39826de52-1024x344.png 1024w, https:\/\/iirc.uek.krakow.pl\/ki\/wp-content\/uploads\/sites\/5\/2023\/07\/pawel9642_Scientific_ranking_index_of_publications_research_pri_7e2ca1a5-2ee7-4353-842e-b8d39826de52-768x258.png 768w, https:\/\/iirc.uek.krakow.pl\/ki\/wp-content\/uploads\/sites\/5\/2023\/07\/pawel9642_Scientific_ranking_index_of_publications_research_pri_7e2ca1a5-2ee7-4353-842e-b8d39826de52-1536x516.png 1536w, https:\/\/iirc.uek.krakow.pl\/ki\/wp-content\/uploads\/sites\/5\/2023\/07\/pawel9642_Scientific_ranking_index_of_publications_research_pri_7e2ca1a5-2ee7-4353-842e-b8d39826de52-1140x383.png 1140w\" sizes=\"(max-width: 1904px) 100vw, 1904px\" \/>\n                            <\/div>\n                    <\/div><div class=\"eael-entry-wrapper\"><header class=\"eael-entry-header\"><h2 class=\"eael-entry-title\"><a class=\"eael-grid-post-link\" href=\"https:\/\/iirc.uek.krakow.pl\/ki\/blog\/2023\/07\/23\/profesor-piotr-soja-w-czolowce-najlepszych-ekonomistow-w-polsce\/\" title=\"Profesor Piotr Soja w czo\u0142\u00f3wce najlepszych ekonomist\u00f3w w Polsce\">Profesor Piotr Soja w czo\u0142\u00f3wce najlepszych ekonomist\u00f3w w Polsce<\/a><\/h2><\/header><div class=\"eael-entry-header-after style-two\"><div class=\"eael-entry-meta\"><span class=\"eael-posted-on eael-meta-posted-on\"><i class=\"far fa-clock\"><\/i><time datetime=\"2023-07-23\">2023-07-23<\/time><\/span><\/div><\/div><div class=\"eael-entry-content\">\n                                <div class=\"eael-grid-post-excerpt\"><p>Mi\u0142o nam og\u0142osi\u0107, \u017ce nasz kolega z Katedry Informatyki, prof. Piotr Soja znalaz\u0142 si\u0119 w presti\u017cowym rankingu &#8222;AD Scientific Index, Europe Top 100 Economics &amp; Econometrics Scientists in Poland 2023&#8222;. Ta pozycja w\u015br\u00f3d najlepszych ekonomist\u00f3w i ekonometryk\u00f3w w kraju jest potwierdzeniem znacz\u0105cego wk\u0142adu Piotra w rozw\u00f3j dziedziny ekonomii. Jego badania...<\/p><a href=\"https:\/\/iirc.uek.krakow.pl\/ki\/blog\/2023\/07\/23\/profesor-piotr-soja-w-czolowce-najlepszych-ekonomistow-w-polsce\/\" class=\"eael-post-elements-readmore-btn\">Czytaj wi\u0119cej<\/a><\/div>\n                            <\/div><\/div><\/div>\n    <\/div>\n<\/article><article class=\"eael-grid-post eael-post-grid-column\" data-id=\"2062\">\n    <div class=\"eael-grid-post-holder\">\n        <div class=\"eael-grid-post-holder-inner\"><div class=\"eael-entry-media\"><div class=\"eael-entry-overlay fade-in\"><i class=\"fas fa-long-arrow-alt-right\" aria-hidden=\"true\"><\/i><a href=\"https:\/\/iirc.uek.krakow.pl\/ki\/blog\/2023\/07\/06\/projekt-icam\/\"><\/a><\/div><div class=\"eael-entry-thumbnail \">\n                            <img loading=\"lazy\" decoding=\"async\" width=\"1904\" height=\"640\" src=\"https:\/\/iirc.uek.krakow.pl\/ki\/wp-content\/uploads\/sites\/5\/2023\/07\/pawel9642_The_project_aims_to_analyse_the_current_situation_at__4b68a1af-cce5-46cc-8897-6da54ec49928.png\" class=\"attachment-full size-full wp-image-2182\" alt=\"\" srcset=\"https:\/\/iirc.uek.krakow.pl\/ki\/wp-content\/uploads\/sites\/5\/2023\/07\/pawel9642_The_project_aims_to_analyse_the_current_situation_at__4b68a1af-cce5-46cc-8897-6da54ec49928.png 1904w, https:\/\/iirc.uek.krakow.pl\/ki\/wp-content\/uploads\/sites\/5\/2023\/07\/pawel9642_The_project_aims_to_analyse_the_current_situation_at__4b68a1af-cce5-46cc-8897-6da54ec49928-300x101.png 300w, https:\/\/iirc.uek.krakow.pl\/ki\/wp-content\/uploads\/sites\/5\/2023\/07\/pawel9642_The_project_aims_to_analyse_the_current_situation_at__4b68a1af-cce5-46cc-8897-6da54ec49928-1024x344.png 1024w, https:\/\/iirc.uek.krakow.pl\/ki\/wp-content\/uploads\/sites\/5\/2023\/07\/pawel9642_The_project_aims_to_analyse_the_current_situation_at__4b68a1af-cce5-46cc-8897-6da54ec49928-768x258.png 768w, https:\/\/iirc.uek.krakow.pl\/ki\/wp-content\/uploads\/sites\/5\/2023\/07\/pawel9642_The_project_aims_to_analyse_the_current_situation_at__4b68a1af-cce5-46cc-8897-6da54ec49928-1536x516.png 1536w, https:\/\/iirc.uek.krakow.pl\/ki\/wp-content\/uploads\/sites\/5\/2023\/07\/pawel9642_The_project_aims_to_analyse_the_current_situation_at__4b68a1af-cce5-46cc-8897-6da54ec49928-1140x383.png 1140w\" sizes=\"(max-width: 1904px) 100vw, 1904px\" \/>\n                            <\/div>\n                    <\/div><div class=\"eael-entry-wrapper\"><header class=\"eael-entry-header\"><h2 class=\"eael-entry-title\"><a class=\"eael-grid-post-link\" href=\"https:\/\/iirc.uek.krakow.pl\/ki\/blog\/2023\/07\/06\/projekt-icam\/\" title=\"Projekt ICAM\">Projekt ICAM<\/a><\/h2><\/header><div class=\"eael-entry-header-after style-two\"><div class=\"eael-entry-meta\"><span class=\"eael-posted-on eael-meta-posted-on\"><i class=\"far fa-clock\"><\/i><time datetime=\"2023-07-06\">2023-07-06<\/time><\/span><\/div><\/div><div class=\"eael-entry-content\">\n                                <div class=\"eael-grid-post-excerpt\"><p>W Katedrze Informatyki oraz Katedrze System\u00f3w Obliczeniowych, od 1 stycznia 2022 r. do 31 grudnia 2023 r., realizowany jest projekt\u00a0 \u201eDostosowanie program\u00f3w nauczania ICT do oczekiwa\u0144 rynku pracy\u201d (ICAM,). Projekt realizowany jest wsp\u00f3lnie z University of South-Eastern Norway.\u00a0 W sk\u0142ad zespo\u0142u projektowego z naszej uczelni wchodz\u0105: Gra\u017cyna Paliwoda-P\u0119kosz (koordynator projektu),...<\/p><a href=\"https:\/\/iirc.uek.krakow.pl\/ki\/blog\/2023\/07\/06\/projekt-icam\/\" class=\"eael-post-elements-readmore-btn\">Czytaj wi\u0119cej<\/a><\/div>\n                            <\/div><\/div><\/div>\n    <\/div>\n<\/article><article class=\"eael-grid-post eael-post-grid-column\" data-id=\"471\">\n    <div class=\"eael-grid-post-holder\">\n        <div class=\"eael-grid-post-holder-inner\"><div class=\"eael-entry-media\"><div class=\"eael-entry-overlay fade-in\"><i class=\"fas fa-long-arrow-alt-right\" aria-hidden=\"true\"><\/i><a href=\"https:\/\/iirc.uek.krakow.pl\/ki\/blog\/2023\/02\/13\/przykladowy-wpis\/\"><\/a><\/div><div class=\"eael-entry-thumbnail \">\n                            <img loading=\"lazy\" decoding=\"async\" width=\"1536\" height=\"768\" src=\"https:\/\/iirc.uek.krakow.pl\/ki\/wp-content\/uploads\/sites\/5\/2023\/02\/Pawe_Web_design_in_modern_stylistic_coding_and_developing_illus_3a1da0a9-da79-4479-b3fb-73f4f68755ed.png\" class=\"attachment-full size-full wp-image-1830\" alt=\"\" srcset=\"https:\/\/iirc.uek.krakow.pl\/ki\/wp-content\/uploads\/sites\/5\/2023\/02\/Pawe_Web_design_in_modern_stylistic_coding_and_developing_illus_3a1da0a9-da79-4479-b3fb-73f4f68755ed.png 1536w, https:\/\/iirc.uek.krakow.pl\/ki\/wp-content\/uploads\/sites\/5\/2023\/02\/Pawe_Web_design_in_modern_stylistic_coding_and_developing_illus_3a1da0a9-da79-4479-b3fb-73f4f68755ed-300x150.png 300w, https:\/\/iirc.uek.krakow.pl\/ki\/wp-content\/uploads\/sites\/5\/2023\/02\/Pawe_Web_design_in_modern_stylistic_coding_and_developing_illus_3a1da0a9-da79-4479-b3fb-73f4f68755ed-1024x512.png 1024w, https:\/\/iirc.uek.krakow.pl\/ki\/wp-content\/uploads\/sites\/5\/2023\/02\/Pawe_Web_design_in_modern_stylistic_coding_and_developing_illus_3a1da0a9-da79-4479-b3fb-73f4f68755ed-768x384.png 768w, https:\/\/iirc.uek.krakow.pl\/ki\/wp-content\/uploads\/sites\/5\/2023\/02\/Pawe_Web_design_in_modern_stylistic_coding_and_developing_illus_3a1da0a9-da79-4479-b3fb-73f4f68755ed-1080x540.png 1080w, https:\/\/iirc.uek.krakow.pl\/ki\/wp-content\/uploads\/sites\/5\/2023\/02\/Pawe_Web_design_in_modern_stylistic_coding_and_developing_illus_3a1da0a9-da79-4479-b3fb-73f4f68755ed-1140x570.png 1140w\" sizes=\"(max-width: 1536px) 100vw, 1536px\" \/>\n                            <\/div>\n                    <\/div><div class=\"eael-entry-wrapper\"><header class=\"eael-entry-header\"><h2 class=\"eael-entry-title\"><a class=\"eael-grid-post-link\" href=\"https:\/\/iirc.uek.krakow.pl\/ki\/blog\/2023\/02\/13\/przykladowy-wpis\/\" title=\"Nowa strona Katedry\">Nowa strona Katedry<\/a><\/h2><\/header><div class=\"eael-entry-header-after style-two\"><div class=\"eael-entry-meta\"><span class=\"eael-posted-on eael-meta-posted-on\"><i class=\"far fa-clock\"><\/i><time datetime=\"2023-02-13\">2023-02-13<\/time><\/span><\/div><\/div><div class=\"eael-entry-content\">\n                                <div class=\"eael-grid-post-excerpt\"><p>W niedawno powsta\u0142ym Instytucie Informatyki, Rachunkowo\u015bci i Controllingu trwaj\u0105 prace nad aktualizacj\u0105 zasob\u00f3w webowych jednostek Instytutu, w tym r\u00f3wnie\u017c naszej Katedry. Przygotowana nowa wersja strony WWW Katedry powinna u\u0142atwi\u0107 nawigacj\u0119 po informacjach przy zachowaniu jednolitej struktury wykorzystywanej w innych jednostkach UEK. Nowa strona internetowa jest dostosowana do potrzeb student\u00f3w, pracownik\u00f3w...<\/p><a href=\"https:\/\/iirc.uek.krakow.pl\/ki\/blog\/2023\/02\/13\/przykladowy-wpis\/\" class=\"eael-post-elements-readmore-btn\">Czytaj wi\u0119cej<\/a><\/div>\n                            <\/div><\/div><\/div>\n    <\/div>\n<\/article><\/div>\n            <div class=\"clearfix\"><\/div>\n        <\/div>\t\t\t\t<\/div>\n\t\t\t\t<\/div>\n\t\t\t\t\t<\/div>\n\t\t<\/div>\n\t\t\t\t\t<\/div>\n\t\t<\/section>\n\t\t\t\t<\/div>\n\t\t","protected":false},"excerpt":{"rendered":"<p>Przyk\u0142adowy wpis 2023-02-13 Lorem ipsum dolor sit amet, consectetur adipiscing elit, sed do eiusmod tempor incididunt ut labore et dolore magna aliqua. Amet cursus sit amet dictum sit amet justo donec enim. Interdum velit laoreet id donec ultrices. Hendrerit dolor magna eget est. Et netus et malesuada fames ac. Sapien et ligula ullamcorper&#8230; Czytaj wi\u0119cej<\/p>\n","protected":false},"author":7,"featured_media":0,"parent":0,"menu_order":0,"comment_status":"closed","ping_status":"closed","template":"elementor_header_footer","meta":{"footnotes":""},"class_list":["post-100","page","type-page","status-publish","hentry"],"_links":{"self":[{"href":"https:\/\/iirc.uek.krakow.pl\/ki\/wp-json\/wp\/v2\/pages\/100","targetHints":{"allow":["GET"]}}],"collection":[{"href":"https:\/\/iirc.uek.krakow.pl\/ki\/wp-json\/wp\/v2\/pages"}],"about":[{"href":"https:\/\/iirc.uek.krakow.pl\/ki\/wp-json\/wp\/v2\/types\/page"}],"author":[{"embeddable":true,"href":"https:\/\/iirc.uek.krakow.pl\/ki\/wp-json\/wp\/v2\/users\/7"}],"replies":[{"embeddable":true,"href":"https:\/\/iirc.uek.krakow.pl\/ki\/wp-json\/wp\/v2\/comments?post=100"}],"version-history":[{"count":7,"href":"https:\/\/iirc.uek.krakow.pl\/ki\/wp-json\/wp\/v2\/pages\/100\/revisions"}],"predecessor-version":[{"id":1800,"href":"https:\/\/iirc.uek.krakow.pl\/ki\/wp-json\/wp\/v2\/pages\/100\/revisions\/1800"}],"wp:attachment":[{"href":"https:\/\/iirc.uek.krakow.pl\/ki\/wp-json\/wp\/v2\/media?parent=100"}],"curies":[{"name":"wp","href":"https:\/\/api.w.org\/{rel}","templated":true}]}}