{"id":313,"date":"2023-02-19T16:10:53","date_gmt":"2023-02-19T15:10:53","guid":{"rendered":"https:\/\/ie.uek.krakow.pl\/ke\/?page_id=313"},"modified":"2023-09-27T10:39:18","modified_gmt":"2023-09-27T08:39:18","slug":"konferencje","status":"publish","type":"page","link":"https:\/\/iirc.uek.krakow.pl\/ki\/konferencje\/","title":{"rendered":"Konferencje"},"content":{"rendered":"\t\t<div data-elementor-type=\"wp-page\" data-elementor-id=\"313\" class=\"elementor elementor-313\" data-elementor-post-type=\"page\">\n\t\t\t\t\t\t<section data-particle_enable=\"false\" data-particle-mobile-disabled=\"false\" class=\"elementor-section elementor-top-section elementor-element elementor-element-1d441e8 elementor-section-boxed elementor-section-height-default elementor-section-height-default\" data-id=\"1d441e8\" data-element_type=\"section\" data-settings=\"{&quot;jet_parallax_layout_list&quot;:[]}\">\n\t\t\t\t\t\t<div class=\"elementor-container elementor-column-gap-default\">\n\t\t\t\t\t<div class=\"elementor-column elementor-col-100 elementor-top-column elementor-element elementor-element-c4658e4\" data-id=\"c4658e4\" data-element_type=\"column\">\n\t\t\t<div class=\"elementor-widget-wrap elementor-element-populated\">\n\t\t\t\t\t\t<div class=\"elementor-element elementor-element-860b63f elementor-widget elementor-widget-heading\" data-id=\"860b63f\" data-element_type=\"widget\" data-widget_type=\"heading.default\">\n\t\t\t\t<div class=\"elementor-widget-container\">\n\t\t\t\t\t<h2 class=\"elementor-heading-title elementor-size-default\">Konferencje i seminaria<\/h2>\t\t\t\t<\/div>\n\t\t\t\t<\/div>\n\t\t\t\t<div class=\"elementor-element elementor-element-a561ad0 elementor-widget elementor-widget-text-editor\" data-id=\"a561ad0\" data-element_type=\"widget\" data-widget_type=\"text-editor.default\">\n\t\t\t\t<div class=\"elementor-widget-container\">\n\t\t\t\t\t\t\t\t\t<blockquote><h5>Zach\u0119camy do udzia\u0142u w wydarzeniach naukowych, konferencjach i seminariach, kt\u00f3re Katedra Informatyki organizuje, poleca lub w kt\u00f3rych aktywnie uczestniczy<\/h5><\/blockquote>\t\t\t\t\t\t\t\t<\/div>\n\t\t\t\t<\/div>\n\t\t\t\t\t<\/div>\n\t\t<\/div>\n\t\t\t\t\t<\/div>\n\t\t<\/section>\n\t\t\t\t<section data-particle_enable=\"false\" data-particle-mobile-disabled=\"false\" class=\"elementor-section elementor-top-section elementor-element elementor-element-0a4bbea elementor-section-boxed elementor-section-height-default elementor-section-height-default\" data-id=\"0a4bbea\" data-element_type=\"section\" data-settings=\"{&quot;jet_parallax_layout_list&quot;:[{&quot;_id&quot;:&quot;9da879f&quot;,&quot;jet_parallax_layout_image&quot;:{&quot;url&quot;:&quot;&quot;,&quot;id&quot;:&quot;&quot;,&quot;size&quot;:&quot;&quot;},&quot;jet_parallax_layout_image_laptop&quot;:{&quot;url&quot;:&quot;&quot;,&quot;id&quot;:&quot;&quot;,&quot;size&quot;:&quot;&quot;},&quot;jet_parallax_layout_image_tablet_extra&quot;:{&quot;url&quot;:&quot;&quot;,&quot;id&quot;:&quot;&quot;,&quot;size&quot;:&quot;&quot;},&quot;jet_parallax_layout_image_tablet&quot;:{&quot;url&quot;:&quot;&quot;,&quot;id&quot;:&quot;&quot;,&quot;size&quot;:&quot;&quot;},&quot;jet_parallax_layout_image_mobile_extra&quot;:{&quot;url&quot;:&quot;&quot;,&quot;id&quot;:&quot;&quot;,&quot;size&quot;:&quot;&quot;},&quot;jet_parallax_layout_image_mobile&quot;:{&quot;url&quot;:&quot;&quot;,&quot;id&quot;:&quot;&quot;,&quot;size&quot;:&quot;&quot;},&quot;jet_parallax_layout_speed&quot;:{&quot;unit&quot;:&quot;%&quot;,&quot;size&quot;:50,&quot;sizes&quot;:[]},&quot;jet_parallax_layout_type&quot;:&quot;scroll&quot;,&quot;jet_parallax_layout_direction&quot;:null,&quot;jet_parallax_layout_fx_direction&quot;:null,&quot;jet_parallax_layout_z_index&quot;:&quot;&quot;,&quot;jet_parallax_layout_bg_x&quot;:50,&quot;jet_parallax_layout_bg_x_laptop&quot;:&quot;&quot;,&quot;jet_parallax_layout_bg_x_tablet_extra&quot;:&quot;&quot;,&quot;jet_parallax_layout_bg_x_tablet&quot;:&quot;&quot;,&quot;jet_parallax_layout_bg_x_mobile_extra&quot;:&quot;&quot;,&quot;jet_parallax_layout_bg_x_mobile&quot;:&quot;&quot;,&quot;jet_parallax_layout_bg_y&quot;:50,&quot;jet_parallax_layout_bg_y_laptop&quot;:&quot;&quot;,&quot;jet_parallax_layout_bg_y_tablet_extra&quot;:&quot;&quot;,&quot;jet_parallax_layout_bg_y_tablet&quot;:&quot;&quot;,&quot;jet_parallax_layout_bg_y_mobile_extra&quot;:&quot;&quot;,&quot;jet_parallax_layout_bg_y_mobile&quot;:&quot;&quot;,&quot;jet_parallax_layout_bg_size&quot;:&quot;auto&quot;,&quot;jet_parallax_layout_bg_size_laptop&quot;:&quot;&quot;,&quot;jet_parallax_layout_bg_size_tablet_extra&quot;:&quot;&quot;,&quot;jet_parallax_layout_bg_size_tablet&quot;:&quot;&quot;,&quot;jet_parallax_layout_bg_size_mobile_extra&quot;:&quot;&quot;,&quot;jet_parallax_layout_bg_size_mobile&quot;:&quot;&quot;,&quot;jet_parallax_layout_animation_prop&quot;:&quot;transform&quot;,&quot;jet_parallax_layout_on&quot;:[&quot;desktop&quot;,&quot;tablet&quot;]}]}\">\n\t\t\t\t\t\t<div class=\"elementor-container elementor-column-gap-default\">\n\t\t\t\t\t<div class=\"elementor-column elementor-col-100 elementor-top-column elementor-element elementor-element-555f5d89\" data-id=\"555f5d89\" data-element_type=\"column\">\n\t\t\t<div class=\"elementor-widget-wrap elementor-element-populated\">\n\t\t\t\t\t\t<div class=\"elementor-element elementor-element-124fe840 elementor-widget-divider--view-line elementor-widget elementor-widget-divider\" data-id=\"124fe840\" data-element_type=\"widget\" data-widget_type=\"divider.default\">\n\t\t\t\t<div class=\"elementor-widget-container\">\n\t\t\t\t\t\t\t<div class=\"elementor-divider\">\n\t\t\t<span class=\"elementor-divider-separator\">\n\t\t\t\t\t\t<\/span>\n\t\t<\/div>\n\t\t\t\t\t\t<\/div>\n\t\t\t\t<\/div>\n\t\t\t\t<div class=\"elementor-element elementor-element-7c4e5d1b elementor-grid-tablet_extra-eael-col-4 elementor-grid-eael-col-1 elementor-grid-tablet-eael-col-2 elementor-grid-mobile-eael-col-1 elementor-widget elementor-widget-eael-post-grid\" data-id=\"7c4e5d1b\" data-element_type=\"widget\" data-settings=\"{&quot;eael_post_grid_columns_tablet_extra&quot;:&quot;eael-col-4&quot;,&quot;eael_post_grid_columns&quot;:&quot;eael-col-1&quot;,&quot;eael_post_grid_columns_tablet&quot;:&quot;eael-col-2&quot;,&quot;eael_post_grid_columns_mobile&quot;:&quot;eael-col-1&quot;}\" data-widget_type=\"eael-post-grid.default\">\n\t\t\t\t<div class=\"elementor-widget-container\">\n\t\t\t\t\t<div id=\"eael-post-grid-7c4e5d1b\" class=\"eael-post-grid-container\">\n            <div class=\"eael-post-grid eael-post-appender eael-post-appender-7c4e5d1b eael-post-grid-style-two\" data-layout-mode=\"grid\"><article class=\"eael-grid-post eael-post-grid-column\" data-id=\"2325\">\n    <div class=\"eael-grid-post-holder\">\n        <div class=\"eael-grid-post-holder-inner\"><div class=\"eael-entry-media\"><div class=\"eael-entry-overlay fade-in\"><i class=\"fas fa-long-arrow-alt-right\" aria-hidden=\"true\"><\/i><a href=\"https:\/\/iirc.uek.krakow.pl\/ki\/konferencjeseminaria\/miedzynarodowa-konferencja-isd-2024\/\"><\/a><\/div><div class=\"eael-entry-thumbnail \">\n                            <img fetchpriority=\"high\" decoding=\"async\" width=\"2560\" height=\"1164\" src=\"https:\/\/iirc.uek.krakow.pl\/ki\/wp-content\/uploads\/sites\/5\/2024\/11\/UG_CONF_2024-684-z-890-scaled.jpg\" class=\"attachment-full size-full wp-image-2322\" alt=\"\" srcset=\"https:\/\/iirc.uek.krakow.pl\/ki\/wp-content\/uploads\/sites\/5\/2024\/11\/UG_CONF_2024-684-z-890-scaled.jpg 2560w, https:\/\/iirc.uek.krakow.pl\/ki\/wp-content\/uploads\/sites\/5\/2024\/11\/UG_CONF_2024-684-z-890-300x136.jpg 300w, https:\/\/iirc.uek.krakow.pl\/ki\/wp-content\/uploads\/sites\/5\/2024\/11\/UG_CONF_2024-684-z-890-1024x466.jpg 1024w, https:\/\/iirc.uek.krakow.pl\/ki\/wp-content\/uploads\/sites\/5\/2024\/11\/UG_CONF_2024-684-z-890-768x349.jpg 768w, https:\/\/iirc.uek.krakow.pl\/ki\/wp-content\/uploads\/sites\/5\/2024\/11\/UG_CONF_2024-684-z-890-1536x698.jpg 1536w, https:\/\/iirc.uek.krakow.pl\/ki\/wp-content\/uploads\/sites\/5\/2024\/11\/UG_CONF_2024-684-z-890-2048x931.jpg 2048w, https:\/\/iirc.uek.krakow.pl\/ki\/wp-content\/uploads\/sites\/5\/2024\/11\/UG_CONF_2024-684-z-890-1140x518.jpg 1140w\" sizes=\"(max-width: 2560px) 100vw, 2560px\" \/>\n                            <\/div>\n                    <\/div><div class=\"eael-entry-wrapper\"><header class=\"eael-entry-header\"><h2 class=\"eael-entry-title\"><a class=\"eael-grid-post-link\" href=\"https:\/\/iirc.uek.krakow.pl\/ki\/konferencjeseminaria\/miedzynarodowa-konferencja-isd-2024\/\" title=\"Mi\u0119dzynarodowa konferencja ISD 2024\">Mi\u0119dzynarodowa konferencja ISD 2024<\/a><\/h2><\/header><div class=\"eael-entry-header-after style-two\"><div class=\"eael-entry-meta\"><span class=\"eael-posted-on eael-meta-posted-on\"><i class=\"far fa-clock\"><\/i><time datetime=\"2024-11-04\">2024-11-04<\/time><\/span><\/div><\/div><div class=\"eael-entry-content\">\n                                <div class=\"eael-grid-post-excerpt\"><p>W dniach 26-28 sierpnia 2024 w Sopocie odby\u0142a si\u0119 mi\u0119dzynarodowa konferencja naukowa The 32nd International Conference on Information Systems Development (ISD 2024). Temat wiod\u0105cy konferencji ISD 2024 to \u201cHarnessing Opportunities: Reshaping ISD in the post-COVID-19 and Generative AI Era\u201d. By\u0142a to 32. edycja presti\u017cowej konferencji mi\u0119dzynarodowej, kt\u00f3rej tematyka skupia si\u0119...<\/p><a href=\"https:\/\/iirc.uek.krakow.pl\/ki\/konferencjeseminaria\/miedzynarodowa-konferencja-isd-2024\/\" class=\"eael-post-elements-readmore-btn\">Czytaj wi\u0119cej<\/a><\/div>\n                            <\/div><\/div><\/div>\n    <\/div>\n<\/article><article class=\"eael-grid-post eael-post-grid-column\" data-id=\"2217\">\n    <div class=\"eael-grid-post-holder\">\n        <div class=\"eael-grid-post-holder-inner\"><div class=\"eael-entry-media\"><div class=\"eael-entry-overlay fade-in\"><i class=\"fas fa-long-arrow-alt-right\" aria-hidden=\"true\"><\/i><a href=\"https:\/\/iirc.uek.krakow.pl\/ki\/konferencjeseminaria\/the-icam-project-conference\/\"><\/a><\/div><div class=\"eael-entry-thumbnail \">\n                            <img decoding=\"async\" width=\"1436\" height=\"368\" src=\"https:\/\/iirc.uek.krakow.pl\/ki\/wp-content\/uploads\/sites\/5\/2023\/10\/icam4.png\" class=\"attachment-full size-full wp-image-2221\" alt=\"\" srcset=\"https:\/\/iirc.uek.krakow.pl\/ki\/wp-content\/uploads\/sites\/5\/2023\/10\/icam4.png 1436w, https:\/\/iirc.uek.krakow.pl\/ki\/wp-content\/uploads\/sites\/5\/2023\/10\/icam4-300x77.png 300w, https:\/\/iirc.uek.krakow.pl\/ki\/wp-content\/uploads\/sites\/5\/2023\/10\/icam4-1024x262.png 1024w, https:\/\/iirc.uek.krakow.pl\/ki\/wp-content\/uploads\/sites\/5\/2023\/10\/icam4-768x197.png 768w, https:\/\/iirc.uek.krakow.pl\/ki\/wp-content\/uploads\/sites\/5\/2023\/10\/icam4-1140x292.png 1140w\" sizes=\"(max-width: 1436px) 100vw, 1436px\" \/>\n                            <\/div>\n                    <\/div><div class=\"eael-entry-wrapper\"><header class=\"eael-entry-header\"><h2 class=\"eael-entry-title\"><a class=\"eael-grid-post-link\" href=\"https:\/\/iirc.uek.krakow.pl\/ki\/konferencjeseminaria\/the-icam-project-conference\/\" title=\"The ICAM Project Conference\">The ICAM Project Conference<\/a><\/h2><\/header><div class=\"eael-entry-header-after style-two\"><div class=\"eael-entry-meta\"><span class=\"eael-posted-on eael-meta-posted-on\"><i class=\"far fa-clock\"><\/i><time datetime=\"2023-10-09\">2023-10-09<\/time><\/span><\/div><\/div><div class=\"eael-entry-content\">\n                                <div class=\"eael-grid-post-excerpt\"><p>Konferencja rozpowszechniaj\u0105ca projekt ICAM: \u201eDostosowanie program\u00f3w nauczania ICT do oczekiwa\u0144 rynku pracy\u201d, realizowany wsp\u00f3lnie z University of South-Eastern Norway - 12.10.2023, w godz. 9-15, Sala nr 7, pawilon sportowy UEK.<\/p><a href=\"https:\/\/iirc.uek.krakow.pl\/ki\/konferencjeseminaria\/the-icam-project-conference\/\" class=\"eael-post-elements-readmore-btn\">Czytaj wi\u0119cej<\/a><\/div>\n                            <\/div><\/div><\/div>\n    <\/div>\n<\/article><article class=\"eael-grid-post eael-post-grid-column\" data-id=\"1809\">\n    <div class=\"eael-grid-post-holder\">\n        <div class=\"eael-grid-post-holder-inner\"><div class=\"eael-entry-media\"><div class=\"eael-entry-overlay fade-in\"><i class=\"fas fa-long-arrow-alt-right\" aria-hidden=\"true\"><\/i><a href=\"https:\/\/iirc.uek.krakow.pl\/ki\/konferencjeseminaria\/cmq2023\/\"><\/a><\/div><div class=\"eael-entry-thumbnail \">\n                            <img decoding=\"async\" width=\"1707\" height=\"459\" src=\"https:\/\/iirc.uek.krakow.pl\/ki\/wp-content\/uploads\/sites\/5\/2023\/04\/Screenshot-2023-04-23-at-15-15-28-O-Konferencji-Miedzynarodowa-Konferencja-Naukowa-Kolegium-Nauk-o-Zarzadzaniu-i-Jakosci-Uniwersytetu-Ekonomicznego-w-Krakowie.png\" class=\"attachment-full size-full wp-image-1813\" alt=\"\" srcset=\"https:\/\/iirc.uek.krakow.pl\/ki\/wp-content\/uploads\/sites\/5\/2023\/04\/Screenshot-2023-04-23-at-15-15-28-O-Konferencji-Miedzynarodowa-Konferencja-Naukowa-Kolegium-Nauk-o-Zarzadzaniu-i-Jakosci-Uniwersytetu-Ekonomicznego-w-Krakowie.png 1707w, https:\/\/iirc.uek.krakow.pl\/ki\/wp-content\/uploads\/sites\/5\/2023\/04\/Screenshot-2023-04-23-at-15-15-28-O-Konferencji-Miedzynarodowa-Konferencja-Naukowa-Kolegium-Nauk-o-Zarzadzaniu-i-Jakosci-Uniwersytetu-Ekonomicznego-w-Krakowie-300x81.png 300w, https:\/\/iirc.uek.krakow.pl\/ki\/wp-content\/uploads\/sites\/5\/2023\/04\/Screenshot-2023-04-23-at-15-15-28-O-Konferencji-Miedzynarodowa-Konferencja-Naukowa-Kolegium-Nauk-o-Zarzadzaniu-i-Jakosci-Uniwersytetu-Ekonomicznego-w-Krakowie-1024x275.png 1024w, https:\/\/iirc.uek.krakow.pl\/ki\/wp-content\/uploads\/sites\/5\/2023\/04\/Screenshot-2023-04-23-at-15-15-28-O-Konferencji-Miedzynarodowa-Konferencja-Naukowa-Kolegium-Nauk-o-Zarzadzaniu-i-Jakosci-Uniwersytetu-Ekonomicznego-w-Krakowie-768x207.png 768w, https:\/\/iirc.uek.krakow.pl\/ki\/wp-content\/uploads\/sites\/5\/2023\/04\/Screenshot-2023-04-23-at-15-15-28-O-Konferencji-Miedzynarodowa-Konferencja-Naukowa-Kolegium-Nauk-o-Zarzadzaniu-i-Jakosci-Uniwersytetu-Ekonomicznego-w-Krakowie-1536x413.png 1536w, https:\/\/iirc.uek.krakow.pl\/ki\/wp-content\/uploads\/sites\/5\/2023\/04\/Screenshot-2023-04-23-at-15-15-28-O-Konferencji-Miedzynarodowa-Konferencja-Naukowa-Kolegium-Nauk-o-Zarzadzaniu-i-Jakosci-Uniwersytetu-Ekonomicznego-w-Krakowie-1140x307.png 1140w\" sizes=\"(max-width: 1707px) 100vw, 1707px\" \/>\n                            <\/div>\n                    <\/div><div class=\"eael-entry-wrapper\"><header class=\"eael-entry-header\"><h2 class=\"eael-entry-title\"><a class=\"eael-grid-post-link\" href=\"https:\/\/iirc.uek.krakow.pl\/ki\/konferencjeseminaria\/cmq2023\/\" title=\"XV Konferencja CMQ2023\">XV Konferencja CMQ2023<\/a><\/h2><\/header><div class=\"eael-entry-header-after style-two\"><div class=\"eael-entry-meta\"><span class=\"eael-posted-on eael-meta-posted-on\"><i class=\"far fa-clock\"><\/i><time datetime=\"2023-04-23\">2023-04-23<\/time><\/span><\/div><\/div><div class=\"eael-entry-content\">\n                                <div class=\"eael-grid-post-excerpt\"><p>Obrady XV Mi\u0119dzynarodowej Konferencji Naukowej Kolegium Nauk o Zarz\u0105dzaniu i Jako\u015bci Uniwersytetu Ekonomicznego w Krakowie \u2013 CMQ2023, odb\u0119d\u0105 si\u0119 w dniach 24-25 maja 2023 roku (\u015broda-czwartek). Konferencja b\u0119dzie prowadzona w formie zdalnej. W dniu 18 maja 2023 r. (czwartek) odb\u0119d\u0105 si\u0119 obrady studenckiej konferencji naukowej pt. \u201eZarz\u0105dzanie innowacjami w regionie\u201e.<\/p><a href=\"https:\/\/iirc.uek.krakow.pl\/ki\/konferencjeseminaria\/cmq2023\/\" class=\"eael-post-elements-readmore-btn\">Czytaj wi\u0119cej<\/a><\/div>\n                            <\/div><\/div><\/div>\n    <\/div>\n<\/article><\/div>\n            <div class=\"clearfix\"><\/div>\n        <\/div>\t\t\t\t<\/div>\n\t\t\t\t<\/div>\n\t\t\t\t\t<\/div>\n\t\t<\/div>\n\t\t\t\t\t<\/div>\n\t\t<\/section>\n\t\t\t\t<section data-particle_enable=\"false\" data-particle-mobile-disabled=\"false\" class=\"elementor-section elementor-top-section elementor-element elementor-element-decb4ce elementor-section-boxed elementor-section-height-default elementor-section-height-default\" data-id=\"decb4ce\" data-element_type=\"section\" data-settings=\"{&quot;jet_parallax_layout_list&quot;:[{&quot;_id&quot;:&quot;9da879f&quot;,&quot;jet_parallax_layout_image&quot;:{&quot;url&quot;:&quot;&quot;,&quot;id&quot;:&quot;&quot;,&quot;size&quot;:&quot;&quot;},&quot;jet_parallax_layout_image_laptop&quot;:{&quot;url&quot;:&quot;&quot;,&quot;id&quot;:&quot;&quot;,&quot;size&quot;:&quot;&quot;},&quot;jet_parallax_layout_image_tablet_extra&quot;:{&quot;url&quot;:&quot;&quot;,&quot;id&quot;:&quot;&quot;,&quot;size&quot;:&quot;&quot;},&quot;jet_parallax_layout_image_tablet&quot;:{&quot;url&quot;:&quot;&quot;,&quot;id&quot;:&quot;&quot;,&quot;size&quot;:&quot;&quot;},&quot;jet_parallax_layout_image_mobile_extra&quot;:{&quot;url&quot;:&quot;&quot;,&quot;id&quot;:&quot;&quot;,&quot;size&quot;:&quot;&quot;},&quot;jet_parallax_layout_image_mobile&quot;:{&quot;url&quot;:&quot;&quot;,&quot;id&quot;:&quot;&quot;,&quot;size&quot;:&quot;&quot;},&quot;jet_parallax_layout_speed&quot;:{&quot;unit&quot;:&quot;%&quot;,&quot;size&quot;:50,&quot;sizes&quot;:[]},&quot;jet_parallax_layout_type&quot;:&quot;scroll&quot;,&quot;jet_parallax_layout_direction&quot;:null,&quot;jet_parallax_layout_fx_direction&quot;:null,&quot;jet_parallax_layout_z_index&quot;:&quot;&quot;,&quot;jet_parallax_layout_bg_x&quot;:50,&quot;jet_parallax_layout_bg_x_laptop&quot;:&quot;&quot;,&quot;jet_parallax_layout_bg_x_tablet_extra&quot;:&quot;&quot;,&quot;jet_parallax_layout_bg_x_tablet&quot;:&quot;&quot;,&quot;jet_parallax_layout_bg_x_mobile_extra&quot;:&quot;&quot;,&quot;jet_parallax_layout_bg_x_mobile&quot;:&quot;&quot;,&quot;jet_parallax_layout_bg_y&quot;:50,&quot;jet_parallax_layout_bg_y_laptop&quot;:&quot;&quot;,&quot;jet_parallax_layout_bg_y_tablet_extra&quot;:&quot;&quot;,&quot;jet_parallax_layout_bg_y_tablet&quot;:&quot;&quot;,&quot;jet_parallax_layout_bg_y_mobile_extra&quot;:&quot;&quot;,&quot;jet_parallax_layout_bg_y_mobile&quot;:&quot;&quot;,&quot;jet_parallax_layout_bg_size&quot;:&quot;auto&quot;,&quot;jet_parallax_layout_bg_size_laptop&quot;:&quot;&quot;,&quot;jet_parallax_layout_bg_size_tablet_extra&quot;:&quot;&quot;,&quot;jet_parallax_layout_bg_size_tablet&quot;:&quot;&quot;,&quot;jet_parallax_layout_bg_size_mobile_extra&quot;:&quot;&quot;,&quot;jet_parallax_layout_bg_size_mobile&quot;:&quot;&quot;,&quot;jet_parallax_layout_animation_prop&quot;:&quot;transform&quot;,&quot;jet_parallax_layout_on&quot;:[&quot;desktop&quot;,&quot;tablet&quot;]}]}\">\n\t\t\t\t\t\t<div class=\"elementor-container elementor-column-gap-default\">\n\t\t\t\t\t<div class=\"elementor-column elementor-col-100 elementor-top-column elementor-element elementor-element-78bd175\" data-id=\"78bd175\" data-element_type=\"column\">\n\t\t\t<div class=\"elementor-widget-wrap elementor-element-populated\">\n\t\t\t\t\t\t<div class=\"elementor-element elementor-element-28bf3e6 elementor-widget-divider--view-line elementor-widget elementor-widget-divider\" data-id=\"28bf3e6\" data-element_type=\"widget\" data-widget_type=\"divider.default\">\n\t\t\t\t<div class=\"elementor-widget-container\">\n\t\t\t\t\t\t\t<div class=\"elementor-divider\">\n\t\t\t<span class=\"elementor-divider-separator\">\n\t\t\t\t\t\t<\/span>\n\t\t<\/div>\n\t\t\t\t\t\t<\/div>\n\t\t\t\t<\/div>\n\t\t\t\t<div class=\"elementor-element elementor-element-b2f81f7 elementor-widget elementor-widget-text-editor\" data-id=\"b2f81f7\" data-element_type=\"widget\" data-widget_type=\"text-editor.default\">\n\t\t\t\t<div class=\"elementor-widget-container\">\n\t\t\t\t\t\t\t\t\t<h4>Inne konferencje i wydarzenia<\/h4>\t\t\t\t\t\t\t\t<\/div>\n\t\t\t\t<\/div>\n\t\t\t\t<div class=\"elementor-element elementor-element-504b3e2 elementor-widget elementor-widget-text-editor\" data-id=\"504b3e2\" data-element_type=\"widget\" data-widget_type=\"text-editor.default\">\n\t\t\t\t<div class=\"elementor-widget-container\">\n\t\t\t\t\t\t\t\t\t<ul><li>The 31st International conference on Information Systems Development (<a href=\"https:\/\/isd2023.inesc-id.pt\/\">ISD2023<\/a>), 30.08.2023 \u2013 1.09.2023, Lisbona, Portugalia, uczestnik: Gra\u017cyna Paliwoda-P\u0119kosz, referat: &#8222;<em>Reconciling Multiple Stakeholders in University ICT Curricula Development: Preliminary Lessons Learned from Poland and Norway<\/em>&#8222;. Wsp\u00f3\u0142autorzy: Piotr Soja, Dariusz Dymek, Marius Rohde Johannessen, Lasse Berntzen, Tove B\u00f8e, Kim Normann Andersen<\/li><li>56th Hawaii International Conference on System Sciences (HICSS 2023), Maui, Hawaii, USA, 3-6.01.2023, uczestnik: Piotr Soja, referat: \u201e<em>Understanding Drivers for Acceptance and Use of Digital Care Services for Seniors: Learning from a Value-Focused Thinking Study in Poland and Sweden<\/em>\u201d<\/li><li>The 30th International Conference on Computers in Education (<a href=\"https:\/\/icce2022.apsce.net\/\">ICCE 2022<\/a>), Kuala Lumpur, Malezja, 28.11.2022 &#8211; 2.12.2022, uczestnik: Gra\u017cyna Paliwoda-P\u0119kosz, referat: &#8222;<i>The Perspectives of Distance Learning in Higher Education: Lessons Learned from the COVID-19 Pandemic<\/i>&#8222;<\/li><li>International Scientific Conference on Social Sciences (ISCSS 2022) \u201cWhen Science Meets Art\u201d, Wiede\u0144, Austria, 6-9.12.2022. Referat: Janusz Morajda \u201c<em>Artificial Intelligence Applications in Visual Art \u2013 Capabilities, Perspectives And Limitations<\/em>\u201d<\/li><li>European Mediterranean &amp; Middle Eastern Conference on Information Systems EMCIS 2022, online, 21-22.12.2022. Referat: Janusz Morajda \u201c<em>The Concept of a New Neural Map for Clustering, Data Visualization and Prediction with Probability Distribution Approximation<\/em>\u201d<\/li><li>28th Americas Conference on Information Systems (AMCIS 2022), Minneapolis, USA, 10-14.08.2022, uczestnik: Piotr Soja, referaty: \u201e<em>Is Blockchain Actually Any\u2026 Good?<\/em>\u201d oraz \u201c<em>Defining Seniors\u2019 Value-based Objectives for ICT-supported Governmental Elderly Care Services: Preliminary Lessons from Poland and Sweden<\/em>\u201d<\/li><\/ul>\t\t\t\t\t\t\t\t<\/div>\n\t\t\t\t<\/div>\n\t\t\t\t\t<\/div>\n\t\t<\/div>\n\t\t\t\t\t<\/div>\n\t\t<\/section>\n\t\t\t\t<\/div>\n\t\t","protected":false},"excerpt":{"rendered":"<p>\/*! elementor &#8211; v3.13.3 &#8211; 28-05-2023 *\/ .elementor-heading-title{padding:0;margin:0;line-height:1}.elementor-widget-heading .elementor-heading-title[class*=elementor-size-]&gt;a{color:inherit;font-size:inherit;line-height:inherit}.elementor-widget-heading .elementor-heading-title.elementor-size-small{font-size:15px}.elementor-widget-heading .elementor-heading-title.elementor-size-medium{font-size:19px}.elementor-widget-heading .elementor-heading-title.elementor-size-large{font-size:29px}.elementor-widget-heading .elementor-heading-title.elementor-size-xl{font-size:39px}.elementor-widget-heading .elementor-heading-title.elementor-size-xxl{font-size:59px} Konferencje i seminaria Zach\u0119camy do udzia\u0142u w wydarzeniach naukowych, konferencjach i seminariach, kt\u00f3re Katedra Informatyki organizuje, poleca lub w kt\u00f3rych aktywnie uczestniczy \/*! elementor &#8211; v3.13.3 &#8211; 28-05-2023 *\/ .elementor-widget-divider{&#8211;divider-border-style:none;&#8211;divider-border-width:1px;&#8211;divider-color:#0c0d0e;&#8211;divider-icon-size:20px;&#8211;divider-element-spacing:10px;&#8211;divider-pattern-height:24px;&#8211;divider-pattern-size:20px;&#8211;divider-pattern-url:none;&#8211;divider-pattern-repeat:repeat-x}.elementor-widget-divider .elementor-divider{display:flex}.elementor-widget-divider .elementor-divider__text{font-size:15px;line-height:1;max-width:95%}.elementor-widget-divider .elementor-divider__element{margin:0 var(&#8211;divider-element-spacing);flex-shrink:0}.elementor-widget-divider .elementor-icon{font-size:var(&#8211;divider-icon-size)}.elementor-widget-divider .elementor-divider-separator{display:flex;margin:0;direction:ltr}.elementor-widget-divider&#8211;view-line_icon .elementor-divider-separator,.elementor-widget-divider&#8211;view-line_text .elementor-divider-separator{align-items:center}.elementor-widget-divider&#8211;view-line_icon .elementor-divider-separator:after,.elementor-widget-divider&#8211;view-line_icon .elementor-divider-separator:before,.elementor-widget-divider&#8211;view-line_text .elementor-divider-separator:after,.elementor-widget-divider&#8211;view-line_text .elementor-divider-separator:before{display:block;content:&#8221;&#8221;;border-bottom:0;flex-grow:1;border-top:var(&#8211;divider-border-width) var(&#8211;divider-border-style) var(&#8211;divider-color)}.elementor-widget-divider&#8211;element-align-left .elementor-divider .elementor-divider-separator&gt;.elementor-divider__svg:first-of-type{flex-grow:0;flex-shrink:100}.elementor-widget-divider&#8211;element-align-left .elementor-divider-separator:before{content:none}.elementor-widget-divider&#8211;element-align-left .elementor-divider__element{margin-left:0}.elementor-widget-divider&#8211;element-align-right .elementor-divider .elementor-divider-separator&gt;.elementor-divider__svg:last-of-type{flex-grow:0;flex-shrink:100}.elementor-widget-divider&#8211;element-align-right .elementor-divider-separator:after{content:none}.elementor-widget-divider&#8211;element-align-right .elementor-divider__element{margin-right:0}.elementor-widget-divider:not(.elementor-widget-divider&#8211;view-line_text):not(.elementor-widget-divider&#8211;view-line_icon) .elementor-divider-separator{border-top:var(&#8211;divider-border-width) var(&#8211;divider-border-style) var(&#8211;divider-color)}.elementor-widget-divider&#8211;separator-type-pattern{&#8211;divider-border-style:none}.elementor-widget-divider&#8211;separator-type-pattern.elementor-widget-divider&#8211;view-line .elementor-divider-separator,.elementor-widget-divider&#8211;separator-type-pattern:not(.elementor-widget-divider&#8211;view-line) .elementor-divider-separator:after,.elementor-widget-divider&#8211;separator-type-pattern:not(.elementor-widget-divider&#8211;view-line) .elementor-divider-separator:before,.elementor-widget-divider&#8211;separator-type-pattern:not([class*=elementor-widget-divider&#8211;view]) .elementor-divider-separator{width:100%;min-height:var(&#8211;divider-pattern-height);-webkit-mask-size:var(&#8211;divider-pattern-size) 100%;mask-size:var(&#8211;divider-pattern-size) 100%;-webkit-mask-repeat:var(&#8211;divider-pattern-repeat);mask-repeat:var(&#8211;divider-pattern-repeat);background-color:var(&#8211;divider-color);-webkit-mask-image:var(&#8211;divider-pattern-url);mask-image:var(&#8211;divider-pattern-url)}.elementor-widget-divider&#8211;no-spacing{&#8211;divider-pattern-size:auto}.elementor-widget-divider&#8211;bg-round{&#8211;divider-pattern-repeat:round}.rtl .elementor-widget-divider .elementor-divider__text{direction:rtl}.e-con-inner&gt;.elementor-widget-divider,.e-con&gt;.elementor-widget-divider{width:var(&#8211;container-widget-width,100%);&#8211;flex-grow:var(&#8211;container-widget-flex-grow)} XV Konferencja CMQ2023 2023-04-23 Obrady XV Mi\u0119dzynarodowej Konferencji Naukowej Kolegium Nauk o Zarz\u0105dzaniu i Jako\u015bci Uniwersytetu Ekonomicznego w Krakowie \u2013 CMQ2023, odb\u0119d\u0105 si\u0119 w dniach 24-25 maja 2023 roku (\u015broda-czwartek). Konferencja b\u0119dzie prowadzona w formie zdalnej. W dniu 18 maja 2023 r. (czwartek) odb\u0119d\u0105 si\u0119 obrady studenckiej konferencji naukowej pt. \u201eZarz\u0105dzanie innowacjami w regionie\u201e. Czytaj wi\u0119cej Inne konferencje i wydarzenia The 31st International conference on Information Systems Development (ISD2023), 30.08.2023 \u2013 1.09.2023, Lisbona, Portugalia, uczestnik: Gra\u017cyna Paliwoda-P\u0119kosz, referat: &#8222;Reconciling Multiple Stakeholders in University ICT Curricula Development: Preliminary Lessons Learned from Poland and Norway&#8222;. Wsp\u00f3\u0142autorzy: Piotr Soja, Dariusz Dymek, Marius Rohde Johannessen, Lasse Berntzen, Tove B\u00f8e, Kim Normann Andersen 56th Hawaii International Conference on System Sciences (HICSS 2023), Maui, Hawaii, USA, 3-6.01.2023, uczestnik: Piotr Soja, referat: \u201eUnderstanding Drivers for Acceptance and Use of Digital Care Services for Seniors: Learning from a Value-Focused Thinking Study in Poland and Sweden\u201d The 30th International Conference on Computers in Education (ICCE 2022), Kuala Lumpur, Malezja, 28.11.2022 &#8211; 2.12.2022, uczestnik: Gra\u017cyna Paliwoda-P\u0119kosz, referat: &#8222;The Perspectives of Distance Learning in Higher Education: Lessons Learned from the COVID-19 Pandemic&#8222; International Scientific Conference on Social Sciences (ISCSS 2022) \u201cWhen Science Meets Art\u201d, Wiede\u0144, Austria, 6-9.12.2022. Referat: Janusz Morajda \u201cArtificial Intelligence Applications in Visual Art \u2013 Capabilities, Perspectives And Limitations\u201d European Mediterranean &amp; Middle Eastern Conference on Information Systems EMCIS 2022, online, 21-22.12.2022. Referat: Janusz Morajda \u201cThe Concept of a New Neural Map for Clustering, Data Visualization and Prediction with Probability Distribution Approximation\u201d 28th Americas Conference on Information Systems (AMCIS 2022), Minneapolis, USA, 10-14.08.2022, uczestnik: Piotr Soja, referaty: \u201eIs Blockchain Actually Any\u2026 Good?\u201d oraz \u201cDefining Seniors\u2019 Value-based Objectives for ICT-supported Governmental Elderly Care Services: Preliminary Lessons from Poland and Sweden\u201d<\/p>\n","protected":false},"author":7,"featured_media":0,"parent":0,"menu_order":0,"comment_status":"closed","ping_status":"closed","template":"elementor_header_footer","meta":{"footnotes":""},"class_list":["post-313","page","type-page","status-publish","hentry"],"_links":{"self":[{"href":"https:\/\/iirc.uek.krakow.pl\/ki\/wp-json\/wp\/v2\/pages\/313","targetHints":{"allow":["GET"]}}],"collection":[{"href":"https:\/\/iirc.uek.krakow.pl\/ki\/wp-json\/wp\/v2\/pages"}],"about":[{"href":"https:\/\/iirc.uek.krakow.pl\/ki\/wp-json\/wp\/v2\/types\/page"}],"author":[{"embeddable":true,"href":"https:\/\/iirc.uek.krakow.pl\/ki\/wp-json\/wp\/v2\/users\/7"}],"replies":[{"embeddable":true,"href":"https:\/\/iirc.uek.krakow.pl\/ki\/wp-json\/wp\/v2\/comments?post=313"}],"version-history":[{"count":16,"href":"https:\/\/iirc.uek.krakow.pl\/ki\/wp-json\/wp\/v2\/pages\/313\/revisions"}],"predecessor-version":[{"id":2187,"href":"https:\/\/iirc.uek.krakow.pl\/ki\/wp-json\/wp\/v2\/pages\/313\/revisions\/2187"}],"wp:attachment":[{"href":"https:\/\/iirc.uek.krakow.pl\/ki\/wp-json\/wp\/v2\/media?parent=313"}],"curies":[{"name":"wp","href":"https:\/\/api.w.org\/{rel}","templated":true}]}}