{"id":1711,"date":"2023-04-21T13:45:18","date_gmt":"2023-04-21T11:45:18","guid":{"rendered":"https:\/\/iirc.uek.krakow.pl\/ki\/?post_type=pracownicy&#038;p=1711"},"modified":"2025-11-18T19:34:28","modified_gmt":"2025-11-18T18:34:28","slug":"janusz-stal","status":"publish","type":"pracownicy","link":"https:\/\/iirc.uek.krakow.pl\/ki\/pracownicy\/janusz-stal\/","title":{"rendered":"prof. UEK dr hab. Janusz Stal"},"content":{"rendered":"\t\t<div data-elementor-type=\"wp-post\" data-elementor-id=\"1711\" class=\"elementor elementor-1711\" data-elementor-post-type=\"pracownicy\">\n\t\t\t\t\t\t<section data-particle_enable=\"false\" data-particle-mobile-disabled=\"false\" class=\"elementor-section elementor-top-section elementor-element elementor-element-3b9614d elementor-section-boxed elementor-section-height-default elementor-section-height-default\" data-id=\"3b9614d\" data-element_type=\"section\" data-settings=\"{&quot;jet_parallax_layout_list&quot;:[{&quot;_id&quot;:&quot;80d470e&quot;,&quot;jet_parallax_layout_image&quot;:{&quot;url&quot;:&quot;&quot;,&quot;id&quot;:&quot;&quot;,&quot;size&quot;:&quot;&quot;},&quot;jet_parallax_layout_image_laptop&quot;:{&quot;url&quot;:&quot;&quot;,&quot;id&quot;:&quot;&quot;,&quot;size&quot;:&quot;&quot;},&quot;jet_parallax_layout_image_tablet_extra&quot;:{&quot;url&quot;:&quot;&quot;,&quot;id&quot;:&quot;&quot;,&quot;size&quot;:&quot;&quot;},&quot;jet_parallax_layout_image_tablet&quot;:{&quot;url&quot;:&quot;&quot;,&quot;id&quot;:&quot;&quot;,&quot;size&quot;:&quot;&quot;},&quot;jet_parallax_layout_image_mobile_extra&quot;:{&quot;url&quot;:&quot;&quot;,&quot;id&quot;:&quot;&quot;,&quot;size&quot;:&quot;&quot;},&quot;jet_parallax_layout_image_mobile&quot;:{&quot;url&quot;:&quot;&quot;,&quot;id&quot;:&quot;&quot;,&quot;size&quot;:&quot;&quot;},&quot;jet_parallax_layout_speed&quot;:{&quot;unit&quot;:&quot;%&quot;,&quot;size&quot;:50,&quot;sizes&quot;:[]},&quot;jet_parallax_layout_type&quot;:&quot;scroll&quot;,&quot;jet_parallax_layout_direction&quot;:null,&quot;jet_parallax_layout_fx_direction&quot;:null,&quot;jet_parallax_layout_z_index&quot;:&quot;&quot;,&quot;jet_parallax_layout_bg_x&quot;:50,&quot;jet_parallax_layout_bg_x_laptop&quot;:&quot;&quot;,&quot;jet_parallax_layout_bg_x_tablet_extra&quot;:&quot;&quot;,&quot;jet_parallax_layout_bg_x_tablet&quot;:&quot;&quot;,&quot;jet_parallax_layout_bg_x_mobile_extra&quot;:&quot;&quot;,&quot;jet_parallax_layout_bg_x_mobile&quot;:&quot;&quot;,&quot;jet_parallax_layout_bg_y&quot;:50,&quot;jet_parallax_layout_bg_y_laptop&quot;:&quot;&quot;,&quot;jet_parallax_layout_bg_y_tablet_extra&quot;:&quot;&quot;,&quot;jet_parallax_layout_bg_y_tablet&quot;:&quot;&quot;,&quot;jet_parallax_layout_bg_y_mobile_extra&quot;:&quot;&quot;,&quot;jet_parallax_layout_bg_y_mobile&quot;:&quot;&quot;,&quot;jet_parallax_layout_bg_size&quot;:&quot;auto&quot;,&quot;jet_parallax_layout_bg_size_laptop&quot;:&quot;&quot;,&quot;jet_parallax_layout_bg_size_tablet_extra&quot;:&quot;&quot;,&quot;jet_parallax_layout_bg_size_tablet&quot;:&quot;&quot;,&quot;jet_parallax_layout_bg_size_mobile_extra&quot;:&quot;&quot;,&quot;jet_parallax_layout_bg_size_mobile&quot;:&quot;&quot;,&quot;jet_parallax_layout_animation_prop&quot;:&quot;transform&quot;,&quot;jet_parallax_layout_on&quot;:[&quot;desktop&quot;,&quot;tablet&quot;]}]}\">\n\t\t\t\t\t\t<div class=\"elementor-container elementor-column-gap-default\">\n\t\t\t\t\t<div class=\"elementor-column elementor-col-33 elementor-top-column elementor-element elementor-element-7901abea\" data-id=\"7901abea\" data-element_type=\"column\">\n\t\t\t<div class=\"elementor-widget-wrap elementor-element-populated\">\n\t\t\t\t\t\t<div class=\"elementor-element elementor-element-0d4e50e elementor-widget elementor-widget-image\" data-id=\"0d4e50e\" data-element_type=\"widget\" data-widget_type=\"image.default\">\n\t\t\t\t<div class=\"elementor-widget-container\">\n\t\t\t\t\t\t\t\t\t\t\t\t\t\t\t\t<a href=\"https:\/\/enteef.uek.krakow.pl\/\">\n\t\t\t\t\t\t\t<img fetchpriority=\"high\" decoding=\"async\" width=\"867\" height=\"254\" src=\"https:\/\/iirc.uek.krakow.pl\/ki\/wp-content\/uploads\/sites\/5\/2025\/11\/enteef-blue.png\" class=\"attachment-large size-large wp-image-2691\" alt=\"\" srcset=\"https:\/\/iirc.uek.krakow.pl\/ki\/wp-content\/uploads\/sites\/5\/2025\/11\/enteef-blue.png 867w, https:\/\/iirc.uek.krakow.pl\/ki\/wp-content\/uploads\/sites\/5\/2025\/11\/enteef-blue-300x88.png 300w, https:\/\/iirc.uek.krakow.pl\/ki\/wp-content\/uploads\/sites\/5\/2025\/11\/enteef-blue-768x225.png 768w\" sizes=\"(max-width: 867px) 100vw, 867px\" \/>\t\t\t\t\t\t\t\t<\/a>\n\t\t\t\t\t\t\t\t\t\t\t\t\t\t\t<\/div>\n\t\t\t\t<\/div>\n\t\t\t\t<div class=\"elementor-element elementor-element-8b15373 elementor-widget elementor-widget-spacer\" data-id=\"8b15373\" data-element_type=\"widget\" data-widget_type=\"spacer.default\">\n\t\t\t\t<div class=\"elementor-widget-container\">\n\t\t\t\t\t\t\t<div class=\"elementor-spacer\">\n\t\t\t<div class=\"elementor-spacer-inner\"><\/div>\n\t\t<\/div>\n\t\t\t\t\t\t<\/div>\n\t\t\t\t<\/div>\n\t\t\t\t<div class=\"elementor-element elementor-element-525ca7f7 elementor-mobile-align-center elementor-icon-list--layout-traditional elementor-list-item-link-full_width elementor-widget elementor-widget-icon-list\" data-id=\"525ca7f7\" data-element_type=\"widget\" data-widget_type=\"icon-list.default\">\n\t\t\t\t<div class=\"elementor-widget-container\">\n\t\t\t\t\t\t\t<ul class=\"elementor-icon-list-items\">\n\t\t\t\t\t\t\t<li class=\"elementor-icon-list-item\">\n\t\t\t\t\t\t\t\t\t\t\t<a href=\"mailto:stalj@uek.krakow.pl\">\n\n\t\t\t\t\t\t\t\t\t\t\t\t<span class=\"elementor-icon-list-icon\">\n\t\t\t\t\t\t\t<i aria-hidden=\"true\" class=\"far fa-envelope\"><\/i>\t\t\t\t\t\t<\/span>\n\t\t\t\t\t\t\t\t\t\t<span class=\"elementor-icon-list-text\">stalj@uek.krakow.pl<\/span>\n\t\t\t\t\t\t\t\t\t\t\t<\/a>\n\t\t\t\t\t\t\t\t\t<\/li>\n\t\t\t\t\t\t\t\t<li class=\"elementor-icon-list-item\">\n\t\t\t\t\t\t\t\t\t\t\t<a href=\"tel:(+48)%2012%20293%2057%2069\">\n\n\t\t\t\t\t\t\t\t\t\t\t\t<span class=\"elementor-icon-list-icon\">\n\t\t\t\t\t\t\t<i aria-hidden=\"true\" class=\"fas fa-phone-alt\"><\/i>\t\t\t\t\t\t<\/span>\n\t\t\t\t\t\t\t\t\t\t<span class=\"elementor-icon-list-text\">(+48) 12 293 57 69<\/span>\n\t\t\t\t\t\t\t\t\t\t\t<\/a>\n\t\t\t\t\t\t\t\t\t<\/li>\n\t\t\t\t\t\t\t\t<li class=\"elementor-icon-list-item\">\n\t\t\t\t\t\t\t\t\t\t\t<a href=\"https:\/\/e-uczelnia.uek.krakow.pl\/course\/view.php?id=218#section-0\" target=\"_blank\">\n\n\t\t\t\t\t\t\t\t\t\t\t\t<span class=\"elementor-icon-list-icon\">\n\t\t\t\t\t\t\t<i aria-hidden=\"true\" class=\"fas fa-comments\"><\/i>\t\t\t\t\t\t<\/span>\n\t\t\t\t\t\t\t\t\t\t<span class=\"elementor-icon-list-text\">Sprawd\u017a konsultacje<\/span>\n\t\t\t\t\t\t\t\t\t\t\t<\/a>\n\t\t\t\t\t\t\t\t\t<\/li>\n\t\t\t\t\t\t\t\t<li class=\"elementor-icon-list-item\">\n\t\t\t\t\t\t\t\t\t\t\t<span class=\"elementor-icon-list-icon\">\n\t\t\t\t\t\t\t<i aria-hidden=\"true\" class=\"fas fa-map-marker-alt\"><\/i>\t\t\t\t\t\t<\/span>\n\t\t\t\t\t\t\t\t\t\t<span class=\"elementor-icon-list-text\">budynek biblioteki, pok. 438<\/span>\n\t\t\t\t\t\t\t\t\t<\/li>\n\t\t\t\t\t\t<\/ul>\n\t\t\t\t\t\t<\/div>\n\t\t\t\t<\/div>\n\t\t\t\t<div class=\"elementor-element elementor-element-20d84377 elementor-widget elementor-widget-spacer\" data-id=\"20d84377\" data-element_type=\"widget\" data-widget_type=\"spacer.default\">\n\t\t\t\t<div class=\"elementor-widget-container\">\n\t\t\t\t\t\t\t<div class=\"elementor-spacer\">\n\t\t\t<div class=\"elementor-spacer-inner\"><\/div>\n\t\t<\/div>\n\t\t\t\t\t\t<\/div>\n\t\t\t\t<\/div>\n\t\t\t\t<div class=\"elementor-element elementor-element-40095c65 elementor-position-left elementor-vertical-align-top elementor-widget elementor-widget-image-box\" data-id=\"40095c65\" data-element_type=\"widget\" data-widget_type=\"image-box.default\">\n\t\t\t\t<div class=\"elementor-widget-container\">\n\t\t\t\t\t<div class=\"elementor-image-box-wrapper\"><figure class=\"elementor-image-box-img\"><a href=\"https:\/\/drd.uek.krakow.pl\/employee\/576\" tabindex=\"-1\"><img decoding=\"async\" width=\"420\" height=\"445\" src=\"https:\/\/iirc.uek.krakow.pl\/ki\/wp-content\/uploads\/sites\/5\/2023\/02\/publikacje-dorobek.png\" class=\"elementor-animation-pulse attachment-full size-full wp-image-186\" alt=\"\" srcset=\"https:\/\/iirc.uek.krakow.pl\/ki\/wp-content\/uploads\/sites\/5\/2023\/02\/publikacje-dorobek.png 420w, https:\/\/iirc.uek.krakow.pl\/ki\/wp-content\/uploads\/sites\/5\/2023\/02\/publikacje-dorobek-283x300.png 283w\" sizes=\"(max-width: 420px) 100vw, 420px\" \/><\/a><\/figure><div class=\"elementor-image-box-content\"><h3 class=\"elementor-image-box-title\"><a href=\"https:\/\/drd.uek.krakow.pl\/employee\/576\">Publikacje w bazie \u201eDorobek\u201d  \u00bb<\/a><\/h3><\/div><\/div>\t\t\t\t<\/div>\n\t\t\t\t<\/div>\n\t\t\t\t<div class=\"elementor-element elementor-element-a8ec62a elementor-position-left elementor-vertical-align-top elementor-widget elementor-widget-image-box\" data-id=\"a8ec62a\" data-element_type=\"widget\" data-widget_type=\"image-box.default\">\n\t\t\t\t<div class=\"elementor-widget-container\">\n\t\t\t\t\t<div class=\"elementor-image-box-wrapper\"><figure class=\"elementor-image-box-img\"><a href=\"https:\/\/www.scopus.com\/authid\/detail.uri?authorId=55488614000\" tabindex=\"-1\"><img decoding=\"async\" width=\"16\" height=\"16\" src=\"https:\/\/iirc.uek.krakow.pl\/ki\/wp-content\/uploads\/sites\/5\/2023\/04\/globe2.svg\" class=\"elementor-animation-pulse attachment-full size-full wp-image-1572\" alt=\"\" \/><\/a><\/figure><div class=\"elementor-image-box-content\"><h3 class=\"elementor-image-box-title\"><a href=\"https:\/\/www.scopus.com\/authid\/detail.uri?authorId=55488614000\">Publikacje w Scopus  \u00bb<\/a><\/h3><\/div><\/div>\t\t\t\t<\/div>\n\t\t\t\t<\/div>\n\t\t\t\t<div class=\"elementor-element elementor-element-076e9ca elementor-position-left elementor-vertical-align-top elementor-widget elementor-widget-image-box\" data-id=\"076e9ca\" data-element_type=\"widget\" data-widget_type=\"image-box.default\">\n\t\t\t\t<div class=\"elementor-widget-container\">\n\t\t\t\t\t<div class=\"elementor-image-box-wrapper\"><figure class=\"elementor-image-box-img\"><a href=\"https:\/\/scholar.google.pl\/citations?user=591m6SoAAAAJ&#038;hl=pl\" tabindex=\"-1\"><img decoding=\"async\" width=\"16\" height=\"16\" src=\"https:\/\/iirc.uek.krakow.pl\/ki\/wp-content\/uploads\/sites\/5\/2023\/04\/globe2.svg\" class=\"elementor-animation-pulse attachment-full size-full wp-image-1572\" alt=\"\" \/><\/a><\/figure><div class=\"elementor-image-box-content\"><h3 class=\"elementor-image-box-title\"><a href=\"https:\/\/scholar.google.pl\/citations?user=591m6SoAAAAJ&#038;hl=pl\">Publikacje w Google Scholar  \u00bb<\/a><\/h3><\/div><\/div>\t\t\t\t<\/div>\n\t\t\t\t<\/div>\n\t\t\t\t\t<\/div>\n\t\t<\/div>\n\t\t\t\t<div class=\"elementor-column elementor-col-33 elementor-top-column elementor-element elementor-element-5910100c\" data-id=\"5910100c\" data-element_type=\"column\">\n\t\t\t<div class=\"elementor-widget-wrap\">\n\t\t\t\t\t\t\t<\/div>\n\t\t<\/div>\n\t\t\t\t<div class=\"elementor-column elementor-col-33 elementor-top-column elementor-element elementor-element-c9b68cd\" data-id=\"c9b68cd\" data-element_type=\"column\">\n\t\t\t<div class=\"elementor-widget-wrap elementor-element-populated\">\n\t\t\t\t\t\t<div class=\"elementor-element elementor-element-73235f3d elementor-widget elementor-widget-text-editor\" data-id=\"73235f3d\" data-element_type=\"widget\" data-widget_type=\"text-editor.default\">\n\t\t\t\t<div class=\"elementor-widget-container\">\n\t\t\t\t\t\t\t\t\t<h5>Zatrudnienie<\/h5><p>Uniwersytet Ekonomiczny w Krakowie, stanowisko: profesor uczelni<\/p><p>\u00a0<\/p><h5>Stopnie naukowe<\/h5><ul><li>doktor nauk ekonomicznych w zakresie ekonomii<\/li><li>doktor habilitowany nauk spo\u0142ecznych w dyscyplinie nauki o zarz\u0105dzaniu i jako\u015bci<\/li><\/ul><p>\u00a0<\/p><h5>Kszta\u0142cenie student\u00f3w<\/h5><ul><li>in\u017cynieria oprogramowania<\/li><li>programowanie system\u00f3w mobilnych<\/li><li>elektroniczna wymiana danych<\/li><li>narz\u0119dzia informatyczne w analizie danych i doradztwie ekonomicznym<\/li><li>cyfrowe formaty danych<\/li><\/ul><p>\u00a0<\/p><h5>Obszary badawcze<\/h5><ul><li>zastosowania ICT w edukacji i organizacji<\/li><li>technologie mobilne<\/li><li>mobilne zarz\u0105dzanie wiedz\u0105<\/li><li>cloud computing<\/li><\/ul><p>\u00a0<\/p><h5>Publikacje wynik\u00f3w bada\u0144<\/h5><ul><li>Journale: Information Technology for Development, Journal of Enterprise Information Management<\/li><li>Materia\u0142y konferencyjne: AMCIS, EMCIS, ECIME, SIGCSE\/SIGCUE, IIS, ICEEE, and ICEL<\/li><\/ul><p>\u00a0<\/p><h5>Otrzymane nagrody i wyr\u00f3\u017cnienia<\/h5><ul><li>Nagroda Rektora Uniwersytetu Ekonomicznego w Krakowie za dzia\u0142alno\u015b\u0107 dydaktyczn\u0105, 2011 (stosowanie innowacyjnych technologii w obszarze edukacji).<\/li><li>Nagroda Rektora Uniwersytetu Ekonomicznego w Krakowie za dzia\u0142alno\u015b\u0107 dydaktyczn\u0105, 2014 (stosowanie innowacyjnych technologii w obszarze edukacji).<\/li><li>Certyfikat E-Nauczyciela nr 14\/2014 przyznany przez Stowarzyszenie E-learningu Akademickiego, Warszawa, 5.11.2014. Certyfikat stanowi potwierdzenie kompetencji w zakresie tworzenia tre\u015bci oraz prowadzenia zaj\u0119\u0107 dydaktycznych z wykorzystaniem technik i metod kszta\u0142cenia na odleg\u0142o\u015b\u0107.<\/li><li>Nagroda Rektora Uniwersytetu Ekonomicznego w Krakowie za uzyskanie stopnia naukowego doktora habilitowanego, 2020<\/li><\/ul><p>\u00a0<\/p><h5>Udzia\u0142 w projektach<\/h5><ul><li>Dostosowanie program\u00f3w nauczania ICT do oczekiwa\u0144 rynku pracy (fundusze w ramach Europejskiego Obszaru Gospodarczego \u2013 Islandia, Liechtenstein i Norwegia), witryna internetowa projektu: https:\/\/icam.uek.krakow.pl\/<\/li><li>Spo\u0142eczno-gospodarcze konsekwencje czwartej rewolucji przemys\u0142owej (RID)<\/li><li>Zintegrowany program rozwoju UEK POWER<\/li><li>INNOvation TRAINing IT Central Europe (program ramowy Unii Europejskiej)<\/li><li>Uruchomienie unikatowego kierunku studi\u00f3w Informatyka Stosowana odpowiedzi\u0105 na zapotrzebowanie rynku pracy (program ramowy Unii Europejskiej)<\/li><li>Kreowanie i rozwijanie postaw przedsi\u0119biorczych \u015brodowiska akademickiego<\/li><\/ul><p>\u00a0<\/p><h5>Sta\u017ce w zagranicznych i krajowych o\u015brodkach naukowych i akademickich<\/h5><ul><li>MFG Baden-Wuerttemberg, Stuttgart, Niemcy, czerwiec 2011, sta\u017c trenerski w ramach realizowanego projektu \u201eINNOvation TRAINing IT Central Europe<\/li><li>University of Debrecen, W\u0119gry, pa\u017adziernik 2011, sta\u017c trenerski w ramach realizowanego projektu \u201eINNOvation TRAINing IT Central Europe\u201d, wsp\u00f3\u0142finansowanego przez Uni\u0119 Europejsk\u0105 w ramach Europejskiego Funduszu Rozwoju Regionalnego<\/li><li>University of Economics in Bratislava, S\u0142owacja, maj 2012, stypendium w ramach programu The Central European Exchange Program for University Studies (CEEPUS).<\/li><li>Vestfold University College, Norwegia, wrzesie\u0144 2013, stypendium w ramach programu European Community Action Scheme for the Mobility of University Students (ERASMUS).<\/li><li>University of Coimbra, Department of Informatics &amp; Engineering, Coimbra, Portugalia, maj 2014, stypendium w ramach programu European Community Action Scheme for the Mobility of University Students (ERASMUS).<\/li><li>University of Kragujevac, Kragujevac, Serbia, maj 2019, stypendium w ramach programu Komisji Europejskiej (ERASMUS+) na rzecz edukacji i szkole\u0144<\/li><\/ul><p>\u00a0<\/p><h5>Dzia\u0142alno\u015b\u0107 organizacyjna<\/h5><ul><li>Cz\u0142onek Instytutowego Zespo\u0142u Programowo-Dydaktycznego ds. kierunku Informatyka Stosowana<\/li><li>Cz\u0142onek Instytutowego Zespo\u0142u Programowo-Dydaktycznego ds. kierunku Applied Informatics<\/li><li>Cz\u0142onek Rady Dyscypliny Nauki o Zarz\u0105dzaniu i Jako\u015bci UEK<\/li><\/ul>\t\t\t\t\t\t\t\t<\/div>\n\t\t\t\t<\/div>\n\t\t\t\t\t<\/div>\n\t\t<\/div>\n\t\t\t\t\t<\/div>\n\t\t<\/section>\n\t\t\t\t<\/div>\n\t\t","protected":false},"excerpt":{"rendered":"<p>stalj@uek.krakow.pl (+48) 12 293 57 69 Sprawd\u017a konsultacje budynek biblioteki, pok. 438 Publikacje w bazie \u201eDorobek\u201d \u00bb Publikacje w Scopus \u00bb Publikacje w Google Scholar \u00bb Zatrudnienie Uniwersytet Ekonomiczny w Krakowie, stanowisko: profesor uczelni \u00a0 Stopnie naukowe doktor nauk ekonomicznych w zakresie ekonomii doktor habilitowany nauk spo\u0142ecznych w dyscyplinie nauki o zarz\u0105dzaniu i jako\u015bci \u00a0 Kszta\u0142cenie student\u00f3w in\u017cynieria oprogramowania programowanie system\u00f3w mobilnych elektroniczna wymiana danych narz\u0119dzia informatyczne w analizie danych i doradztwie ekonomicznym cyfrowe formaty danych \u00a0 Obszary badawcze zastosowania ICT w edukacji i organizacji technologie mobilne mobilne zarz\u0105dzanie wiedz\u0105 cloud computing \u00a0 Publikacje wynik\u00f3w bada\u0144 Journale: Information Technology for Development, Journal of Enterprise Information Management Materia\u0142y konferencyjne: AMCIS, EMCIS, ECIME, SIGCSE\/SIGCUE, IIS, ICEEE, and ICEL \u00a0 Otrzymane nagrody i wyr\u00f3\u017cnienia Nagroda Rektora Uniwersytetu Ekonomicznego w Krakowie za dzia\u0142alno\u015b\u0107 dydaktyczn\u0105, 2011 (stosowanie innowacyjnych technologii w obszarze edukacji). Nagroda Rektora Uniwersytetu Ekonomicznego w Krakowie za dzia\u0142alno\u015b\u0107 dydaktyczn\u0105, 2014 (stosowanie innowacyjnych technologii w obszarze edukacji). Certyfikat E-Nauczyciela nr 14\/2014 przyznany przez Stowarzyszenie E-learningu Akademickiego, Warszawa, 5.11.2014. Certyfikat stanowi potwierdzenie kompetencji w zakresie tworzenia tre\u015bci oraz prowadzenia zaj\u0119\u0107 dydaktycznych z wykorzystaniem technik i metod kszta\u0142cenia na odleg\u0142o\u015b\u0107. Nagroda Rektora Uniwersytetu Ekonomicznego w Krakowie za uzyskanie stopnia naukowego doktora habilitowanego, 2020 \u00a0 Udzia\u0142 w projektach Dostosowanie program\u00f3w nauczania ICT do oczekiwa\u0144 rynku pracy (fundusze w ramach Europejskiego Obszaru Gospodarczego \u2013 Islandia, Liechtenstein i Norwegia), witryna internetowa projektu: https:\/\/icam.uek.krakow.pl\/ Spo\u0142eczno-gospodarcze konsekwencje czwartej rewolucji przemys\u0142owej (RID) Zintegrowany program rozwoju UEK POWER INNOvation TRAINing IT Central Europe (program ramowy Unii Europejskiej) Uruchomienie unikatowego kierunku studi\u00f3w Informatyka Stosowana odpowiedzi\u0105 na zapotrzebowanie rynku pracy (program ramowy Unii Europejskiej) Kreowanie i rozwijanie postaw przedsi\u0119biorczych \u015brodowiska akademickiego \u00a0 Sta\u017ce w zagranicznych i krajowych o\u015brodkach naukowych i akademickich MFG Baden-Wuerttemberg, Stuttgart, Niemcy, czerwiec 2011, sta\u017c trenerski w ramach realizowanego projektu \u201eINNOvation TRAINing IT Central Europe University of Debrecen, W\u0119gry, pa\u017adziernik 2011, sta\u017c trenerski w ramach realizowanego projektu \u201eINNOvation TRAINing IT Central Europe\u201d, wsp\u00f3\u0142finansowanego przez Uni\u0119 Europejsk\u0105 w ramach Europejskiego Funduszu Rozwoju Regionalnego University of Economics in Bratislava, S\u0142owacja, maj 2012, stypendium w ramach programu The Central European Exchange Program for University Studies (CEEPUS). Vestfold University College, Norwegia, wrzesie\u0144 2013, stypendium w ramach programu European Community Action Scheme for the Mobility of University Students (ERASMUS). University of Coimbra, Department of Informatics &amp; Engineering, Coimbra, Portugalia, maj 2014, stypendium w ramach programu European Community Action Scheme for the Mobility of University Students (ERASMUS). University of Kragujevac, Kragujevac, Serbia, maj 2019, stypendium w ramach programu Komisji Europejskiej (ERASMUS+) na rzecz edukacji i szkole\u0144 \u00a0 Dzia\u0142alno\u015b\u0107 organizacyjna Cz\u0142onek Instytutowego Zespo\u0142u Programowo-Dydaktycznego ds. kierunku Informatyka Stosowana Cz\u0142onek Instytutowego Zespo\u0142u Programowo-Dydaktycznego ds. kierunku Applied Informatics Cz\u0142onek Rady Dyscypliny Nauki o Zarz\u0105dzaniu i Jako\u015bci UEK<\/p>\n","protected":false},"author":7,"featured_media":0,"parent":0,"menu_order":30,"template":"elementor_header_footer","format":"standard","meta":[],"tags":[],"kategoria-pracownicy":[116],"class_list":["post-1711","pracownicy","type-pracownicy","status-publish","format-standard","hentry","kategoria-pracownicy-pracownicy"],"_links":{"self":[{"href":"https:\/\/iirc.uek.krakow.pl\/ki\/wp-json\/wp\/v2\/pracownicy\/1711","targetHints":{"allow":["GET"]}}],"collection":[{"href":"https:\/\/iirc.uek.krakow.pl\/ki\/wp-json\/wp\/v2\/pracownicy"}],"about":[{"href":"https:\/\/iirc.uek.krakow.pl\/ki\/wp-json\/wp\/v2\/types\/pracownicy"}],"author":[{"embeddable":true,"href":"https:\/\/iirc.uek.krakow.pl\/ki\/wp-json\/wp\/v2\/users\/7"}],"version-history":[{"count":25,"href":"https:\/\/iirc.uek.krakow.pl\/ki\/wp-json\/wp\/v2\/pracownicy\/1711\/revisions"}],"predecessor-version":[{"id":2727,"href":"https:\/\/iirc.uek.krakow.pl\/ki\/wp-json\/wp\/v2\/pracownicy\/1711\/revisions\/2727"}],"wp:attachment":[{"href":"https:\/\/iirc.uek.krakow.pl\/ki\/wp-json\/wp\/v2\/media?parent=1711"}],"wp:term":[{"taxonomy":"post_tag","embeddable":true,"href":"https:\/\/iirc.uek.krakow.pl\/ki\/wp-json\/wp\/v2\/tags?post=1711"},{"taxonomy":"kategoria-pracownicy","embeddable":true,"href":"https:\/\/iirc.uek.krakow.pl\/ki\/wp-json\/wp\/v2\/kategoria-pracownicy?post=1711"}],"curies":[{"name":"wp","href":"https:\/\/api.w.org\/{rel}","templated":true}]}}